{"id":581,"date":"2018-10-05T06:43:57","date_gmt":"2018-10-05T06:43:57","guid":{"rendered":"http:\/\/www.villagesnc.it\/?page_id=581"},"modified":"2018-11-22T21:39:58","modified_gmt":"2018-11-22T21:39:58","slug":"la-cor-de-jeremie","status":"publish","type":"page","link":"https:\/\/www.villagesnc.it\/en\/la-cor-de-jeremie","title":{"rendered":"La Cor De Jeremie"},"content":{"rendered":"<p><strong>I viandanti e i pellegrini che percorrevano la via romana, risalendo la gola della Mongiovetta,<\/strong><strong>passaggio\u00a0<\/strong><strong>stretto\u00a0<\/strong><strong>ed impervio che permetteva di raggiungere la citt\u00e0 di Aosta e le antiche Gallie,<\/strong><strong>pagavano un\u00a0<\/strong><strong>dazio o gabella al\u00a0<\/strong><strong>signore feudatario di Montjovet. Nel loro lungo cammino<\/strong><strong>trovavano ristoro nel vecchio \u201cBorgo\u201d sito ai piedi del\u00a0<\/strong><strong>castello di Montjovet che ancora ai giorni<\/strong><strong>nostri sovrasta la \u00a0piccola borgata medioevale. Numerose erano le\u00a0<\/strong><strong>botteghe che ivi sorgevano:<\/strong><strong>calzolaio, barbiere, taverne e locande.\u00a0<\/strong><strong>Ai giorni nostri il turista che volesse visitare la Valle<\/strong><strong>d\u2019Aosta pu\u00f2 trovare Ospitalit\u00e0 alla \u201cCor d\u00e9 J\u00e9r\u00e9mie.<\/strong><strong>La \u201cCor d\u00e9 J\u00e9r\u00e9mie\u201d \u00e8 un affittacamere che<\/strong><strong>trova locazione in un vecchio edificio, completamente\u00a0<\/strong><strong>ristrutturato,\u00a0<\/strong><strong>appartenuto alla bisnonna<\/strong><strong>dell\u2019attuale proprietario, la signora J\u00e9r\u00e9mie.<\/strong><strong>Da qui prende il nome la struttura che nel dialetto<\/strong><strong>popolare valdostano locale significa il cortile di J\u00e9r\u00e9mie.<\/strong><strong>Al suo interno troverete cinque camere<\/strong><strong>curate in ogni<\/strong><strong>dettaglio, con rifiniture di pregio e diverse l\u2019una dall\u2019altra.<\/strong><strong>I loro nomi sono:<\/strong><strong>Aria, Terra, Francescana, Coccole, Tradizione.<\/strong><br\/><\/p>\n\n\n\n<p><strong>Servizi inclusi:<\/strong><strong>Cortesie da bagno fornite.<\/strong><strong>Pulizia quotidiana delle stanze.<\/strong><strong>Connessione wi-fi .<\/strong><strong>Servizi a pagamento:<\/strong><strong>Su richiesta prenotazione colazione.<\/strong><strong>Possibilit\u00e0 di richiedere massaggi.<\/strong><strong>I trattamento sono:<\/strong><strong>Riflessologia plantare, massaggio\u00a0<\/strong><strong>decontratturante schiena e\/o\u00a0<\/strong><strong>cervicale, massaggio con oli\u00a0<\/strong><strong>essenziali, hot stone massage\u00a0<\/strong><strong>(pietre calde), bamboo\u00a0 massage.<\/strong><br\/><\/p>\n\n\n\n<figure class=\"wp-block-image\"><img decoding=\"async\" src=\"https:\/\/www.lacordejeremie.it\/gallery\/borgo2.jpg\" alt=\"\"\/><\/figure>\n\n\n\n<figure class=\"wp-block-image\"><img decoding=\"async\" src=\"https:\/\/www.lacordejeremie.it\/gallery\/borgo3.jpg\" alt=\"\"\/><\/figure>\n\n\n\n<figure class=\"wp-block-image\"><img decoding=\"async\" src=\"https:\/\/www.lacordejeremie.it\/gallery\/borgo5.jpg\" alt=\"\"\/><\/figure>\n\n\n\n<figure class=\"wp-block-image\"><img loading=\"lazy\" decoding=\"async\" width=\"1240\" height=\"1754\" src=\"http:\/\/www.villagesnc.it\/wp-content\/uploads\/2018\/10\/montjovet-vista-sul-torrente.jpg\" alt=\"\" class=\"wp-image-562\" srcset=\"https:\/\/www.villagesnc.it\/wp-content\/uploads\/2018\/10\/montjovet-vista-sul-torrente.jpg 1240w, https:\/\/www.villagesnc.it\/wp-content\/uploads\/2018\/10\/montjovet-vista-sul-torrente-350x495.jpg 350w, https:\/\/www.villagesnc.it\/wp-content\/uploads\/2018\/10\/montjovet-vista-sul-torrente-212x300.jpg 212w, https:\/\/www.villagesnc.it\/wp-content\/uploads\/2018\/10\/montjovet-vista-sul-torrente-768x1086.jpg 768w, https:\/\/www.villagesnc.it\/wp-content\/uploads\/2018\/10\/montjovet-vista-sul-torrente-724x1024.jpg 724w\" sizes=\"auto, (max-width: 767px) 89vw, (max-width: 1000px) 54vw, (max-width: 1071px) 543px, 580px\" \/><figcaption>vista sul torrente<\/figcaption><\/figure>\n\n\n\n<ul class=\"wp-block-list\"><li><br\/><\/li><\/ul>\n\n\n\n<figure class=\"wp-block-image\"><img loading=\"lazy\" decoding=\"async\" width=\"1240\" height=\"1754\" src=\"http:\/\/www.villagesnc.it\/wp-content\/uploads\/2018\/10\/veduta-di-Montjovet.jpg\" alt=\"\" class=\"wp-image-561\" srcset=\"https:\/\/www.villagesnc.it\/wp-content\/uploads\/2018\/10\/veduta-di-Montjovet.jpg 1240w, https:\/\/www.villagesnc.it\/wp-content\/uploads\/2018\/10\/veduta-di-Montjovet-350x495.jpg 350w, https:\/\/www.villagesnc.it\/wp-content\/uploads\/2018\/10\/veduta-di-Montjovet-212x300.jpg 212w, https:\/\/www.villagesnc.it\/wp-content\/uploads\/2018\/10\/veduta-di-Montjovet-768x1086.jpg 768w, https:\/\/www.villagesnc.it\/wp-content\/uploads\/2018\/10\/veduta-di-Montjovet-724x1024.jpg 724w\" sizes=\"auto, (max-width: 767px) 89vw, (max-width: 1000px) 54vw, (max-width: 1071px) 543px, 580px\" \/><figcaption>panoramica mont Jovet<\/figcaption><\/figure>\n\n\n\n<figure class=\"wp-block-image\"><img loading=\"lazy\" decoding=\"async\" width=\"1754\" height=\"1240\" src=\"http:\/\/www.villagesnc.it\/wp-content\/uploads\/2018\/10\/Montjovet-veduta-Panoramica.jpg\" alt=\"\" class=\"wp-image-560\" srcset=\"https:\/\/www.villagesnc.it\/wp-content\/uploads\/2018\/10\/Montjovet-veduta-Panoramica.jpg 1754w, https:\/\/www.villagesnc.it\/wp-content\/uploads\/2018\/10\/Montjovet-veduta-Panoramica-350x247.jpg 350w, https:\/\/www.villagesnc.it\/wp-content\/uploads\/2018\/10\/Montjovet-veduta-Panoramica-300x212.jpg 300w, https:\/\/www.villagesnc.it\/wp-content\/uploads\/2018\/10\/Montjovet-veduta-Panoramica-768x543.jpg 768w, https:\/\/www.villagesnc.it\/wp-content\/uploads\/2018\/10\/Montjovet-veduta-Panoramica-1024x724.jpg 1024w\" sizes=\"auto, (max-width: 767px) 89vw, (max-width: 1000px) 54vw, (max-width: 1071px) 543px, 580px\" \/><figcaption>Panoramica<\/figcaption><\/figure>\n\n\n\n<figure class=\"wp-block-image\"><img loading=\"lazy\" decoding=\"async\" width=\"1754\" height=\"1240\" src=\"http:\/\/www.villagesnc.it\/wp-content\/uploads\/2018\/10\/montjouve-veduta-Panoramica.jpg\" alt=\"\" class=\"wp-image-559\" srcset=\"https:\/\/www.villagesnc.it\/wp-content\/uploads\/2018\/10\/montjouve-veduta-Panoramica.jpg 1754w, https:\/\/www.villagesnc.it\/wp-content\/uploads\/2018\/10\/montjouve-veduta-Panoramica-350x247.jpg 350w, https:\/\/www.villagesnc.it\/wp-content\/uploads\/2018\/10\/montjouve-veduta-Panoramica-300x212.jpg 300w, https:\/\/www.villagesnc.it\/wp-content\/uploads\/2018\/10\/montjouve-veduta-Panoramica-768x543.jpg 768w, https:\/\/www.villagesnc.it\/wp-content\/uploads\/2018\/10\/montjouve-veduta-Panoramica-1024x724.jpg 1024w\" sizes=\"auto, (max-width: 767px) 89vw, (max-width: 1000px) 54vw, (max-width: 1071px) 543px, 580px\" \/><figcaption>Panoramica<\/figcaption><\/figure>\n\n\n\n<figure class=\"wp-block-image\"><img decoding=\"async\" src=\"https:\/\/www.lacordejeremie.it\/gallery\/borgo6.jpg\" alt=\"\"\/><\/figure>\n\n\n\n<figure class=\"wp-block-image\"><img decoding=\"async\" src=\"https:\/\/www.lacordejeremie.it\/gallery\/esterna7.jpg\" alt=\"\"\/><\/figure>\n\n\n\n<figure class=\"wp-block-image\"><img decoding=\"async\" src=\"https:\/\/www.lacordejeremie.it\/gallery\/esterna10.jpg\" alt=\"\"\/><\/figure>\n\n\n\n<figure class=\"wp-block-image\"><img decoding=\"async\" src=\"https:\/\/www.lacordejeremie.it\/gallery\/esterna3.jpg\" alt=\"\"\/><\/figure>\n\n\n\n<figure class=\"wp-block-image\"><img decoding=\"async\" src=\"https:\/\/www.lacordejeremie.it\/gallery\/esterna8.jpg\" alt=\"\"\/><\/figure>\n\n\n\n<figure class=\"wp-block-image\"><img decoding=\"async\" src=\"https:\/\/www.lacordejeremie.it\/gallery\/esterna2.jpg\" alt=\"\"\/><\/figure>\n\n\n\n<figure class=\"wp-block-image\"><img decoding=\"async\" src=\"https:\/\/www.lacordejeremie.it\/gallery\/esterna1.jpg\" alt=\"\"\/><\/figure>\n\n\n\n<p><strong>In Aria si \u00e8 voluto ricreare la sensazione\u00a0<\/strong><strong>di<\/strong><strong>dormire\u00a0<\/strong><strong>sotto un cielo\u00a0<\/strong><strong>stellato,\u00a0<\/strong><strong>il blu della notte vi avvolger\u00e0\u00a0<\/strong><strong>come una calda coperta.<\/strong><\/p>\n\n\n\n<p><strong><\/strong><br\/><\/p>\n\n\n\n<p>Prezzi giornalieri comprensivi di pulizia locali e cambio biancheria<\/p>\n\n\n\n<p>ogni cambio di cliente e almeno una volta alla settimana,<\/p>\n\n\n\n<p>fornitura energia elettrica, acqua e riscaldamento, aria condizionata ove e&#8217; presente,esclusa imposta di soggiorno.<\/p>\n\n\n\n<p>Aria: \u20ac 90,Francescana\u20ac 90,Terra \u20ac90,Coccole \u20ac100,Tradizione \u20ac 140<\/p>\n\n\n\n<p>camera doppia uso singola \u20ac 70,supplemento letto aggiunto \u20ac20.<\/p>\n\n\n\n<p>I bambini non pagano al di sotto dei 2 anni.<\/p>\n\n\n\n<figure class=\"wp-block-image\"><img decoding=\"async\" src=\"https:\/\/www.lacordejeremie.it\/gallery\/aria5.jpg\" alt=\"\"\/><\/figure>\n\n\n\n<figure class=\"wp-block-image\"><img decoding=\"async\" src=\"https:\/\/www.lacordejeremie.it\/gallery\/aria4.jpg\" alt=\"\"\/><\/figure>\n\n\n\n<figure class=\"wp-block-image\"><img decoding=\"async\" src=\"https:\/\/www.lacordejeremie.it\/gallery\/aria3.jpg\" alt=\"\"\/><\/figure>\n\n\n\n<figure class=\"wp-block-image\"><img decoding=\"async\" src=\"https:\/\/www.lacordejeremie.it\/gallery\/aria1.jpg\" alt=\"\"\/><\/figure>\n\n\n\n<figure class=\"wp-block-image\"><img decoding=\"async\" src=\"https:\/\/www.lacordejeremie.it\/gallery\/aria2.jpg\" alt=\"\"\/><\/figure>\n\n\n\n<p><strong>Per non dimenticare le nostre radici e per ricordarci\u00a0<\/strong><strong>il\u00a0<\/strong><strong>contatto con la terra,\u00a0<\/strong><strong>abbiamo scelto per Voi un\u00a0<\/strong><strong>ambiente che si avvicini ai colori della terra.<\/strong><\/p>\n\n\n\n<figure class=\"wp-block-image\"><img decoding=\"async\" src=\"https:\/\/www.lacordejeremie.it\/gallery\/terra6.jpg\" alt=\"\"\/><\/figure>\n\n\n\n<figure class=\"wp-block-image\"><img decoding=\"async\" src=\"https:\/\/www.lacordejeremie.it\/gallery\/terra5.jpg\" alt=\"\"\/><\/figure>\n\n\n\n<figure class=\"wp-block-image\"><img decoding=\"async\" src=\"https:\/\/www.lacordejeremie.it\/gallery\/terra4.jpg\" alt=\"\"\/><\/figure>\n\n\n\n<figure class=\"wp-block-image\"><img decoding=\"async\" src=\"https:\/\/www.lacordejeremie.it\/gallery\/terra3.jpg\" alt=\"\"\/><\/figure>\n\n\n\n<figure class=\"wp-block-image\"><img decoding=\"async\" src=\"https:\/\/www.lacordejeremie.it\/gallery\/terra1.jpg\" alt=\"\"\/><\/figure>\n\n\n\n<figure class=\"wp-block-image\"><img decoding=\"async\" src=\"https:\/\/www.lacordejeremie.it\/gallery\/terra2.jpg\" alt=\"\"\/><\/figure>\n\n\n\n<p><strong>Semplice come la cella di un frate, questa camera ha\u00a0<\/strong><strong>al suo\u00a0<\/strong><strong>interno un\u00a0<\/strong><strong>arredamento essenziale\u00a0<\/strong><strong>e qui\u00a0<\/strong><strong>possono soggiornare\u00a0<\/strong><strong>con Voi i Vostri\u00a0<\/strong><strong>amici a quattro\u00a0<\/strong><strong>zampe purch\u00e9 di piccola taglia.<\/strong><\/p>\n\n\n\n<figure class=\"wp-block-image\"><img decoding=\"async\" src=\"https:\/\/www.lacordejeremie.it\/gallery\/francescana4.jpg\" alt=\"\"\/><\/figure>\n\n\n\n<figure class=\"wp-block-image\"><img decoding=\"async\" src=\"https:\/\/www.lacordejeremie.it\/gallery\/francescana5.jpg\" alt=\"\"\/><\/figure>\n\n\n\n<figure class=\"wp-block-image\"><img decoding=\"async\" src=\"https:\/\/www.lacordejeremie.it\/gallery\/francescana3.jpg\" alt=\"\"\/><\/figure>\n\n\n\n<figure class=\"wp-block-image\"><img decoding=\"async\" src=\"https:\/\/www.lacordejeremie.it\/gallery\/francescana2.jpg\" alt=\"\"\/><\/figure>\n\n\n\n<figure class=\"wp-block-image\"><img decoding=\"async\" src=\"https:\/\/www.lacordejeremie.it\/gallery\/francescana1.jpg\" alt=\"\"\/><\/figure>\n\n\n\n<p><strong>Con i caldi colori del rosso e luci soffuse abbiamo\u00a0<\/strong><strong>cercato di\u00a0<\/strong><strong>ricreare\u00a0<\/strong><strong>la magia\u00a0<\/strong><strong>di una coccola che Vi\u00a0<\/strong><strong>avvolga in un caldo\u00a0<\/strong><strong>abbraccio dando\u00a0<\/strong><strong>vita a un mix\u00a0<\/strong><strong>di sensazioni\u00a0<\/strong><strong>uniche.<\/strong><br\/><\/p>\n\n\n\n<figure class=\"wp-block-image\"><img decoding=\"async\" src=\"https:\/\/www.lacordejeremie.it\/gallery\/coccole2.jpg\" alt=\"\"\/><\/figure>\n\n\n\n<figure class=\"wp-block-image\"><img decoding=\"async\" src=\"https:\/\/www.lacordejeremie.it\/gallery\/coccole1.jpg\" alt=\"\"\/><\/figure>\n\n\n\n<figure class=\"wp-block-image\"><img decoding=\"async\" src=\"https:\/\/www.lacordejeremie.it\/gallery\/coccole7.jpg\" alt=\"\"\/><\/figure>\n\n\n\n<figure class=\"wp-block-image\"><img decoding=\"async\" src=\"https:\/\/www.lacordejeremie.it\/gallery\/coccole4.jpg\" alt=\"\"\/><\/figure>\n\n\n\n<figure class=\"wp-block-image\"><img decoding=\"async\" src=\"https:\/\/www.lacordejeremie.it\/gallery\/coccole3.jpg\" alt=\"\"\/><\/figure>\n\n\n\n<figure class=\"wp-block-image\"><img decoding=\"async\" src=\"https:\/\/www.lacordejeremie.it\/gallery\/coccole5.jpg\" alt=\"\"\/><\/figure>\n\n\n\n<figure class=\"wp-block-image\"><img decoding=\"async\" src=\"https:\/\/www.lacordejeremie.it\/gallery\/coccole6.jpg\" alt=\"\"\/><\/figure>\n\n\n\n<figure class=\"wp-block-image\"><img decoding=\"async\" src=\"https:\/\/www.lacordejeremie.it\/gallery\/coccole8.jpg\" alt=\"\"\/><\/figure>\n\n\n\n<p><strong>Tradizione, cultura e simboli popolari valdostani si<\/strong><strong>fondono nella\u00a0<\/strong><strong>stanza\u00a0<\/strong><strong>Tradizione creando\u00a0<\/strong><strong>il giusto\u00a0<\/strong><strong>connubio tra passato e presente.\u00a0<\/strong><strong>In Tradizione con gli\u00a0<\/strong><strong>arredi e l\u2019atmosfera si cerca di far vivere all\u2019Ospite\u00a0<\/strong><strong>il\u00a0<\/strong><strong>sapore del tempo passato e veramente vissuto. Camera\u00a0<\/strong><strong>adatta a famiglie,\u00a0<\/strong><strong>pu\u00f2 ospitare quattro persone.<\/strong><br\/><\/p>\n\n\n\n<figure class=\"wp-block-image\"><img decoding=\"async\" src=\"https:\/\/www.lacordejeremie.it\/gallery\/trad8.jpg\" alt=\"\"\/><\/figure>\n\n\n\n<figure class=\"wp-block-image\"><img decoding=\"async\" src=\"https:\/\/www.lacordejeremie.it\/gallery\/trad3.jpg\" alt=\"\"\/><\/figure>\n\n\n\n<figure class=\"wp-block-image\"><img decoding=\"async\" src=\"https:\/\/www.lacordejeremie.it\/gallery\/trad4.jpg\" alt=\"\"\/><\/figure>\n\n\n\n<figure class=\"wp-block-image\"><img decoding=\"async\" src=\"https:\/\/www.lacordejeremie.it\/gallery\/trad5.jpg\" alt=\"\"\/><\/figure>\n\n\n\n<figure class=\"wp-block-image\"><img decoding=\"async\" src=\"https:\/\/www.lacordejeremie.it\/gallery\/trad6.jpg\" alt=\"\"\/><\/figure>\n\n\n\n<figure class=\"wp-block-image\"><img decoding=\"async\" src=\"https:\/\/www.lacordejeremie.it\/gallery\/trad9.jpg\" alt=\"\"\/><\/figure>\n\n\n\n<figure class=\"wp-block-image\"><img decoding=\"async\" src=\"https:\/\/www.lacordejeremie.it\/gallery\/trad7.jpg\" alt=\"\"\/><\/figure>\n\n\n\n<figure class=\"wp-block-image\"><img decoding=\"async\" src=\"https:\/\/www.lacordejeremie.it\/gallery\/trad10.jpg\" alt=\"\"\/><\/figure>\n\n\n\n<figure class=\"wp-block-image\"><img decoding=\"async\" src=\"https:\/\/www.lacordejeremie.it\/gallery\/trad1.jpg\" alt=\"\"\/><\/figure>\n\n\n\n<figure class=\"wp-block-image\"><img decoding=\"async\" src=\"https:\/\/www.lacordejeremie.it\/gallery\/trad2.jpg\" alt=\"\"\/><\/figure>\n\n\n\n<p><br\/><\/p>","protected":false},"excerpt":{"rendered":"<p>I viandanti e i pellegrini che percorrevano la via romana, risalendo la gola della Mongiovetta,passaggio\u00a0stretto\u00a0ed impervio che permetteva di raggiungere la citt\u00e0 di Aosta e le antiche Gallie,pagavano un\u00a0dazio o gabella al\u00a0signore feudatario di Montjovet. Nel loro lungo camminotrovavano ristoro nel vecchio \u201cBorgo\u201d sito ai piedi del\u00a0castello di Montjovet che ancora ai giorninostri sovrasta la &hellip; <\/p>\n<p class=\"link-more\"><a href=\"https:\/\/www.villagesnc.it\/en\/la-cor-de-jeremie\" class=\"more-link\">Continue reading<span class=\"screen-reader-text\"> &#8220;La Cor De Jeremie&#8221;<\/span><\/a><\/p>","protected":false},"author":1,"featured_media":0,"parent":0,"menu_order":0,"comment_status":"closed","ping_status":"closed","template":"","meta":{"footnotes":""},"class_list":["post-581","page","type-page","status-publish","hentry"],"_links":{"self":[{"href":"https:\/\/www.villagesnc.it\/en\/wp-json\/wp\/v2\/pages\/581","targetHints":{"allow":["GET"]}}],"collection":[{"href":"https:\/\/www.villagesnc.it\/en\/wp-json\/wp\/v2\/pages"}],"about":[{"href":"https:\/\/www.villagesnc.it\/en\/wp-json\/wp\/v2\/types\/page"}],"author":[{"embeddable":true,"href":"https:\/\/www.villagesnc.it\/en\/wp-json\/wp\/v2\/users\/1"}],"replies":[{"embeddable":true,"href":"https:\/\/www.villagesnc.it\/en\/wp-json\/wp\/v2\/comments?post=581"}],"version-history":[{"count":0,"href":"https:\/\/www.villagesnc.it\/en\/wp-json\/wp\/v2\/pages\/581\/revisions"}],"wp:attachment":[{"href":"https:\/\/www.villagesnc.it\/en\/wp-json\/wp\/v2\/media?parent=581"}],"curies":[{"name":"wp","href":"https:\/\/api.w.org\/{rel}","templated":true}]}}