{"id":797,"date":"2021-10-04T16:53:47","date_gmt":"2021-10-04T16:53:47","guid":{"rendered":"http:\/\/www.villagesnc.it\/?page_id=797"},"modified":"2022-01-04T14:38:53","modified_gmt":"2022-01-04T14:38:53","slug":"vacanze-estive-2021toscana-via-del-chianti-tour-e-isola-delba","status":"publish","type":"page","link":"https:\/\/www.villagesnc.it\/en\/pacchetti-viaggio-t-o-vari\/offerta-euroterme\/vacanze-estive-2021toscana-via-del-chianti-tour-e-isola-delba","title":{"rendered":"Vacanze estive 2021,Toscana   via del chianti tour e isola d&#8217;Elba."},"content":{"rendered":"<p>Quest&#8217;anno Toscana, con tutti i suoi panorami, i suoi pendii di vigneti contornati da uliveti, le fantastiche cascine in pietra e il cibo; che dire&#8230;..dalla panzanella alla fiorentina, dalla pasta al rag\u00f9 di cinghiale ai &lt;pici cacio e pepe&gt; e potrei andare avanti ore ad elencare lo spettacolo paesaggistico ammirato e dei sapori enogastronomici riscoperti.<\/p>\n\n\n\n<p>Statale 222,da li si parte per un viaggio fatto di ritemprante silenzio della natura, di viali di cipressi, da vino ed olio evo. Dopo aver ammirato l&#8217;inizio del percorso passando Greve in Chianti, abbiamo soggiornato a Castellina in Chianti, piccolo e grazioso borgo, all&#8217;interno di mura medievali, come se ne incontrano tanti in Toscana,dove ci sono numerose caratteristiche osterie ,locande e negozietti carichi di delizie e souvenirs.<\/p>\n\n\n\n<h3 class=\"wp-block-heading\">ITINERARI NEL CHIANTI<\/h3>\n\n\n\n<p>Il Chianti \u00e8 un territorio non molto esteso ma ricchissimo dal punto di vista naturalistico, prezioso sotto il profilo storico artistico e generoso per la sua enogastronomia.<\/p>\n\n\n\n<p>Per questo esistono infinite prospettive e possibilit\u00e0 di itinerari tra le sue colline, i suoi paesaggi naturali e i borghi di memoria medievale, rimasti immutati nel tempo.<\/p>\n\n\n\n<h3 class=\"wp-block-heading\">TOUR DELLA CHIANTIGIANA<\/h3>\n\n\n\n<p>La&nbsp;<strong>Chiantigiana<\/strong>, strada tra le pi\u00f9 belle d\u2019Italia, attraversa tutto il Chianti da Firenze a Siena. Percorrerla \u00e8 un ottimo modo per scoprire il territorio.<\/p>\n\n\n\n<p>Da Firenze si prende la&nbsp;<strong>strada SS222<\/strong>&nbsp;in direzione Greve in Chianti. Il Paese \u00e8 il cuore della zona di produzione del Chianti Classico e merita una visita. Da qui si diramano due strade: una porta alla valle dell\u2019Arno in prossimit\u00e0 di Figline e S. Giovanni percorrendo alte colline, l\u2019altra stretta e in parte sterrata si ricongiunge alla via Cassia nei pressi di Sambuca Val di Pesa passando dal borgo di Montefioralle e da Passignano.<\/p>\n\n\n\n<p>Proseguendo sulla Chiantigiana si incontra Panzano, ultimo avamposto del Chianti fiorentino e continuando fino al bivio si possono raggiungere da un lato Radda in Chianti e dall\u2019altro Castellina. Da quest\u2019ultimo si pu\u00f2 scendere fino alla Valdelsa e risalire a San Gimignano, visitare Monteriggioni e raggiungere Siena.<\/p>\n\n\n\n<p>Se si va verso Radda, invece, i paesaggi si fanno meno ampi ma \u00e8 grande l\u2019importanza storica e attuale di questo paese nella tradizione vinicola del Chianti. Riprendendo la via Chiantigiana si arriva a Gaiole in Chianti.<\/p>\n\n\n\n<p>Tutto intorno il territorio \u00e8 ricco di&nbsp;<strong>castelli e borghi.<\/strong>&nbsp;Ne sono un esempio Spaltenna, Vertine e Barbischio. Continuando verso Siena incontriamo una serie di itinerari diretti ai luoghi pi\u00f9 belli della zona, dove Castelli come Bolio, Meleto, Castagnoli, si fondono nel paesaggio di sconfinati vigneti, boschi secolari e borghi medievali come lo splendido Lucignano.<\/p>\n\n\n\n<p><\/p>\n\n\n\n<div class=\"wp-block-image\"><figure class=\"aligncenter\"><img decoding=\"async\" src=\"https:\/\/www.chianti.it\/wp-content\/uploads\/2017\/10\/strada-chiantigiana.jpg\" alt=\"strada-chiantigiana\" class=\"wp-image-261\"\/><\/figure><\/div>\n\n\n\n<p>in quel di Castellina in Chianti la nostra preferenza e&#8217; toccata all&#8217;hotel Belvedere  S.Leonino dove abbiamo effettuato il primo soggiorno.<\/p>\n\n\n\n<figure class=\"wp-block-image\"><img decoding=\"async\" src=\"https:\/\/cf.bstatic.com\/xdata\/images\/hotel\/max1024x768\/31924549.jpg?k=1197bd001043c1a1bee62bc5563f4f7ac28519a5f6e6418ae99d0a8764ab1227&amp;o=&amp;hp=1\" alt=\"Hotel Belvedere Di San Leonino, Castellina in Chianti \u2013 Prezzi aggiornati  per il 2021\"\/><figcaption> <br> <\/figcaption><\/figure>\n\n\n\n<figure class=\"wp-block-image is-resized\"><img loading=\"lazy\" decoding=\"async\" src=\"https:\/\/images.trvl-media.com\/hotels\/2000000\/1280000\/1277600\/1277546\/a1dd38b5.jpg?impolicy=fcrop&amp;w=455&amp;h=235&amp;p=1&amp;q=medium\" alt=\"Belvedere di San Leonino (Castellina in Chianti, Italia) | Expedia.it\" width=\"587\" height=\"303\"\/><\/figure>\n\n\n\n<figure class=\"wp-block-image is-resized\"><img loading=\"lazy\" decoding=\"async\" src=\"https:\/\/encrypted-tbn0.gstatic.com\/images?q=tbn:ANd9GcR7woKZIHz-iFzcAHMxn49D7-FOgv_Qgu04Ow&amp;usqp=CAU\" alt=\"Hotel Belvedere Di San Leonino, Castellina In Chianti (Siena) - Atrapalo.com\" width=\"582\" height=\"466\"\/><figcaption> <br>Un quarto di secolo fa, le famiglie Falassi e Orlandi, da secoli residenti nella zona del Chianti Classico, iniziarono un\u2019attivit\u00e0 alberghiera in due antichi casali mezzadrili originali del 1400. Salivolpi sorge sull\u2019antico sito etrusco di Salingolpe a pochi passi dal centro Storico di Castellina in Chianti; Belvedere di San Leonino \u00e8 in aperta campagna, circondato dalle proprie vigne e dalle colline chiantigiane che degradano dolcemente fino alle porte di Siena<br>Bella struttura con piscina e  confortevoli camere. per non parlare poi di un ottimo servizio colazione ed infine, pezzo forte di questa struttura, cena romantica con degustazione  a lume di candela in tavolino da due, il pi\u00f9 panoramico, nel giardino belvedere vista  colli del chianti  al Tramonto. <br>  <\/figcaption><\/figure>\n\n\n\n<figure class=\"wp-block-image\"><img loading=\"lazy\" decoding=\"async\" width=\"727\" height=\"545\" src=\"http:\/\/www.villagesnc.it\/wp-content\/uploads\/2021\/10\/IMG20210808093112.jpg\" alt=\"\" class=\"wp-image-813\" srcset=\"https:\/\/www.villagesnc.it\/wp-content\/uploads\/2021\/10\/IMG20210808093112.jpg 727w, https:\/\/www.villagesnc.it\/wp-content\/uploads\/2021\/10\/IMG20210808093112-350x262.jpg 350w, https:\/\/www.villagesnc.it\/wp-content\/uploads\/2021\/10\/IMG20210808093112-300x225.jpg 300w\" sizes=\"auto, (max-width: 727px) 100vw, 727px\" \/><\/figure>\n\n\n\n<figure class=\"wp-block-image\"><img loading=\"lazy\" decoding=\"async\" width=\"727\" height=\"545\" src=\"http:\/\/www.villagesnc.it\/wp-content\/uploads\/2021\/10\/IMG20210807211958.jpg\" alt=\"\" class=\"wp-image-814\" srcset=\"https:\/\/www.villagesnc.it\/wp-content\/uploads\/2021\/10\/IMG20210807211958.jpg 727w, https:\/\/www.villagesnc.it\/wp-content\/uploads\/2021\/10\/IMG20210807211958-350x262.jpg 350w, https:\/\/www.villagesnc.it\/wp-content\/uploads\/2021\/10\/IMG20210807211958-300x225.jpg 300w\" sizes=\"auto, (max-width: 727px) 100vw, 727px\" \/><\/figure>\n\n\n\n<figure class=\"wp-block-image\"><img loading=\"lazy\" decoding=\"async\" width=\"727\" height=\"545\" src=\"http:\/\/www.villagesnc.it\/wp-content\/uploads\/2021\/10\/IMG20210807201257.jpg\" alt=\"\" class=\"wp-image-810\" srcset=\"https:\/\/www.villagesnc.it\/wp-content\/uploads\/2021\/10\/IMG20210807201257.jpg 727w, https:\/\/www.villagesnc.it\/wp-content\/uploads\/2021\/10\/IMG20210807201257-350x262.jpg 350w, https:\/\/www.villagesnc.it\/wp-content\/uploads\/2021\/10\/IMG20210807201257-300x225.jpg 300w\" sizes=\"auto, (max-width: 727px) 100vw, 727px\" \/><\/figure>\n\n\n\n<figure class=\"wp-block-image\"><img loading=\"lazy\" decoding=\"async\" width=\"727\" height=\"545\" src=\"http:\/\/www.villagesnc.it\/wp-content\/uploads\/2021\/10\/IMG20210807213853.jpg\" alt=\"\" class=\"wp-image-811\" srcset=\"https:\/\/www.villagesnc.it\/wp-content\/uploads\/2021\/10\/IMG20210807213853.jpg 727w, https:\/\/www.villagesnc.it\/wp-content\/uploads\/2021\/10\/IMG20210807213853-350x262.jpg 350w, https:\/\/www.villagesnc.it\/wp-content\/uploads\/2021\/10\/IMG20210807213853-300x225.jpg 300w\" sizes=\"auto, (max-width: 727px) 100vw, 727px\" \/><\/figure>\n\n\n\n<figure class=\"wp-block-image is-resized\"><img loading=\"lazy\" decoding=\"async\" src=\"http:\/\/www.villagesnc.it\/wp-content\/uploads\/2021\/10\/IMG20210807214944.jpg\" alt=\"\" class=\"wp-image-812\" width=\"576\" height=\"768\" srcset=\"https:\/\/www.villagesnc.it\/wp-content\/uploads\/2021\/10\/IMG20210807214944.jpg 409w, https:\/\/www.villagesnc.it\/wp-content\/uploads\/2021\/10\/IMG20210807214944-350x466.jpg 350w, https:\/\/www.villagesnc.it\/wp-content\/uploads\/2021\/10\/IMG20210807214944-225x300.jpg 225w\" sizes=\"auto, (max-width: 576px) 100vw, 576px\" \/><\/figure>\n\n\n\n<div class=\"wp-block-image\"><figure class=\"alignright is-resized\"><img loading=\"lazy\" decoding=\"async\" src=\"https:\/\/www.ottimositoweb.it\/wp-content\/uploads\/2020\/09\/Untitled-1-2.jpg\" alt=\"Emoji, adesivi (Sticker), smiley ed emoticon: qual \u00e8 il loro significato?\" width=\"105\" height=\"69\"\/><\/figure><\/div>\n\n\n\n<h2 class=\"wp-block-heading\">Fin qui Tutto ok,struttura da ritornare,arrivederci!!!<\/h2>\n\n\n\n<p>Proseguiamo, ora, verso cittadine piu&#8217; blasonate come San Gimigliano e Volterra passando per piccoli Borghi dentro le mura uno piu&#8217; bello dell&#8217;altro come Monteriggioni, Montefioralle e Certaldo, dove ebbe i natali Messer Boccaccio.<\/p>\n\n\n\n<figure class=\"wp-block-image\"><img decoding=\"async\" src=\"https:\/\/www.montefioralle.wine\/app\/public\/files\/ckfinder\/images\/S6001364corretta.jpg\" alt=\"Montefioralle, il borgo medievale e il suo terroir vitivinicolo\"\/><figcaption>Montefioralle<\/figcaption><\/figure>\n\n\n\n<figure class=\"wp-block-image is-resized\"><img loading=\"lazy\" decoding=\"async\" src=\"https:\/\/encrypted-tbn0.gstatic.com\/images?q=tbn:ANd9GcSMQeqpGCU3FMODcHixFxlRJ-4FC4AL3UrwNA&amp;usqp=CAU\" alt=\"La Terrazza sul Borgo - Montefioralle Apartment - Romatico appartamento per  le vostre vacanze nel Chianti\" width=\"587\" height=\"330\"\/><figcaption>Scorcio di Montefioralle<\/figcaption><\/figure>\n\n\n\n<figure class=\"wp-block-image is-resized\"><img loading=\"lazy\" decoding=\"async\" src=\"https:\/\/www.solotravel.it\/wp-content\/uploads\/2021\/03\/Veduta-del-borgo-di-Monteriggioni-Siena-fotospettacolari.png\" alt=\"Veduta del borgo di Monteriggioni (Siena) #fotospettacolari\" width=\"587\" height=\"456\"\/><figcaption>Monteriggioni<\/figcaption><\/figure>\n\n\n\n<figure class=\"wp-block-image\"><img decoding=\"async\" src=\"https:\/\/lh3.googleusercontent.com\/7rSrYKqeIWZRwSl1WOBgvVz8N6phldtKVKQCY24dexpmRUN-91eVSdPucq0SKCtqCmyBRbNM3dr6odHCWQXj2IQFE-z_hyfjmRgLI1wtJYnOllkjfegengP5QCUTwR15gxYkAWKokRFjy0OVEEGFfHGg5rJUXMD9FvfJddCMk6KD0wKU0TPq3xnny3iTqZCxxDDwsx6qqh5nco24A8L8viY_jW0IH_ipTp0liVHeE3T-YcDkBbN5Q6S-z8zi_e0vjZbRQBabU1_3xef2fiU4D6gl82TXfjKV6FvEGn2YHNuJk661tqkqJTKl-9VZRYOUAA33kuarklVc-pDnSAKblTdcqbDo3FDa-0p1RCux7KIiq56p5N2Zn82J9wRiScNNaACh6xXVbmmHu18bmlkREIIyPyGNFBYwoXuRgNMTeTwRbTQyzFTbUKVbuxfFiVk-o2kAxc4MGK-djTNQFtOgW_m4Yz3t6p98IKKeZqm365bGXsGMGD2QzwdQ3NwvbsIeRK6p1AMU2toass2FxgLdELtM1ohnaYg0pZV12ZfQNexsYujlhR1eaHvlCnyJtiYsufINuSRqwIEKcwCQr-OCiG2nbR3J71HrGtEp8aY1NzQNiWMCKuhSsYpVmSYXQK_tZg2DwNgrBrjBZ6UmqbrskiZHFn9r3L1zXH1PJgmi-wZyvotZZg3HUoF9hOI7He587oFAk6gceIii_QSBXV97ubE=w705-h939-no?authuser=0\" alt=\"\"\/><\/figure>\n\n\n\n<figure class=\"wp-block-image\"><img decoding=\"async\" src=\"https:\/\/lh3.googleusercontent.com\/XvdlaUiEi6Uw4H2QVr-3vxaU0Ojugz7ob8efoQfC1ARWbwRO2Y7ku7H2_iGtKOgoOR8kZ2s81VEc75hHy67c0ehDuZ0uztQe4sXTKhZVwKqPnc2sSxWAo5GKaP5VHG-C424WBeW1F35z06I5ZUxK5ZkTgU0SfdKwMgrD9tLM2e3hAsdyvcj0M0PoglbW8aEGOl1oiJY8cXsE8sqfm_4A2kfiW157Wy3GlyQE9VLzNTrSFsVaOgRp9jJ5FkNoviOJyX40cA_Jq4CMFP6DRLL7A4JdrByWIrG4pjqqBBd51A5YLTCO7nqtxppy6m8u8fncLxoVqYG6BNqeDIYw0ri6OZZsTd2WjeArZOqSej4Z9xIsazJcnn9d_X6IIgY_MIzUi_RuwFGlcLEp29XQTj9R2kTHDsbo0-BnmeLe9TG3bjl9uH3-zF_ByFinCvZDf0C60YjIqt89QGWBjVCbZgSATdhP_41kYN5__KfY4F1CBZZJK63WOikHUaERK6dxY0FyQYYK9p-u0tPtAY_qSdlM4nX76myEhOrIBHW3n5BkQd0gqjwHiO6r15rKtJpSDgRXtm2wt42pZvcHrhg8FLUu993gz_7VavmqPgKEzshpusfq_wnfQns1sGbe0sr0Lgd0VoSv81QWvg4Gx4gmPLocKEOwDTormCBbpbKV5QSqM6-vawmtkbb8GxGHYIZYsyMVxjWbAzKYbATZr4Td6Jihmyw=w705-h939-no?authuser=0\" alt=\"\"\/><\/figure>\n\n\n\n<figure class=\"wp-block-image\"><img decoding=\"async\" src=\"https:\/\/lh3.googleusercontent.com\/U3nOiL8H-NB1g7b7yaDYKZ4PnKf52GoCz5vNCi4FM_MouAw47zM1JP-j1-67Vdmr6qTfLn8b6sPK_DzADqk8MIMux3OJb9kKxH9mGd1iq5otorIaqKvnsANpyRWoIvunGLktHoukPmCrKmVx2N2WtjvLFjFE86-pIN4JP7AMeX1HJ0L9nchJsldD73DvisoVmokrXN76wpLMsGPhMxSGMchNsXCCX3Nav0MJnPZD6uAJvZ_U7YZRuPJedx3N82iJbgCQKpB-1lw0mARamvP4zF2UQoq36gNR1x4aqZZXsif0dUvMRks2xMl6kqnbJ9deWRMkQV_3MIThYvfxKhed929dvbQp00xcmeZI6KzIMBa8iunoDAZV3-tQYwgNpiNCGCPfQR3hHAGlJ1mC8O5cDgL4VvWdV-4G6ATXlViuLJEVBNcHnX7Y7rT2L3oLe-lFZdyYNgDaX0kiNLGWjWilCrfoZY9G6v5qiqa9RbgX5iAIeyDr0VEWodiCOc1-dMjzeCrYw0thH-PzzsmZ9xndGmuWALIExFdfYZQ0pS1O12CFrbZp6zAdgdNe2uuUy2Ou8S6AmNgRgtwvDr5e9JYW4rqmtjW4P4DajooBm2mXmUr7T0Om306cffMYFC9UV4n4p63C6UccTSZsNC2Gl4ObIY7YAjaDVy4gfzL1vSwrzwodgpDJhTyJIgF3Ur-rEFTAPKQp9dcOyoMjiVCz-E9qEqU=w1252-h939-no?authuser=0\" alt=\"\"\/><figcaption>Scorcio di Monteriggioli<\/figcaption><\/figure>\n\n\n\n<figure class=\"wp-block-image\"><img decoding=\"async\" src=\"https:\/\/www.danteotosco700.it\/wp-content\/uploads\/2021\/07\/Veduta-di-Certaldo-Alto-uai-1024x682.jpeg\" alt=\"Mercantia illumina Certaldo nel segno di Dante - Dante o Tosco 700\"\/><figcaption>Certaldo<\/figcaption><\/figure>\n\n\n\n<figure class=\"wp-block-image\"><img decoding=\"async\" src=\"https:\/\/summofonte.org\/wp-content\/uploads\/2019\/03\/Palazzo-Pretorio.jpg\" alt=\"Palazzo Pretorio di Certaldo - Semifonte\"\/><figcaption>Palazzo pretorio di Certaldo<\/figcaption><\/figure>\n\n\n\n<figure class=\"wp-block-image is-resized\"><img loading=\"lazy\" decoding=\"async\" src=\"https:\/\/c8.alamy.com\/compit\/fbw753\/via-boccaccio-certaldo-toscana-italia-fbw753.jpg\" alt=\"Via Boccaccio, certaldo, Toscana, Italia Foto stock - Alamy\" width=\"590\" height=\"434\"\/><figcaption>via Boccaccio ,via centrale di Certaldo<br>Se visiterete Certaldo non dimenticate di Provare la &lt;Fiorentina &gt; da Messer Boccaccio.<\/figcaption><\/figure>\n\n\n\n<h5 class=\"wp-block-heading\">Da Messer Boccaccio<\/h5>\n\n\n\n<h5 class=\"wp-block-heading\">Cell: +39.349\/32.19.668<\/h5>\n\n\n\n<h5 class=\"wp-block-heading\">Tel: 0571\/66.51.22<\/h5>\n\n\n\n<figure class=\"wp-block-image\"><img decoding=\"async\" src=\"http:\/\/www.damesserboccaccio.it\/media\/multigallery\/cache\/8_1.c5ac6d99e02a941786a21f22c8cdf43d.jpg\" alt=\"\"\/><\/figure>\n\n\n\n<figure class=\"wp-block-image\"><img decoding=\"async\" src=\"http:\/\/www.damesserboccaccio.it\/media\/multigallery\/052.gif\" alt=\"\"\/><\/figure>\n\n\n\n<p>I proprietari hanno cercato di mantenere nelle sale l\u2019aria che si respirava un tempo, hanno riportato alla luce antiche volte e i pavimenti che caratterizzavano le abitazioni all\u2019epoca di Boccaccio, cercando di dare un impronta al locale di sapore medievale, ma soprattutto hanno riscoperto le antiche ricette del tempo, come la zuppa di cipolle, fatta con la Cipolla Rossa di Certaldo, e tante altre, reinserite a pieno titolo nel men\u00f9, per far riscoprire, agli ormai sempre pi\u00f9 raffinati palati della gente, i sapori ed i profumi di un tempo&nbsp; andato.<br><br>Per far vivere ancora pi\u00f9 intensamente questa esperienza di profumi antichi, i proprietari di \u201cDa Messer Boccaccio\u201d si sono inventati, per clienti desiderosi di sperimentare una piacevole esperienza, delle serate a tema, nel periodo autunnale ed invernale.<\/p>\n\n\n\n<figure class=\"wp-block-image\"><img decoding=\"async\" src=\"https:\/\/viaggianza.com\/wp-content\/uploads\/2017\/06\/san-gimignano.jpg\" alt=\"San Gimignano, il borgo medievale per eccellenza\"\/><figcaption>Una delle eccellenze della Toscana San Gimigliano<\/figcaption><\/figure>\n\n\n\n<p>Ed infine Volterra&#8230;&#8230;..<\/p>\n\n\n\n<figure class=\"wp-block-image\"><img decoding=\"async\" src=\"https:\/\/www.fontebertusi.it\/media\/articoli\/30\/volterra-journal.jpg\" alt=\"Un giorno a Volterra - Il journal di Fonte Bertusi\"\/><\/figure>\n\n\n\n<figure class=\"wp-block-image\"><img decoding=\"async\" src=\"https:\/\/pisa.guidatoscana.it\/obj\/image\/blog\/x\/file3.jpg\" alt=\"Volterra, la citt\u00e0 medioevale in provincia di Pisa\"\/><figcaption>Volterra<\/figcaption><\/figure>\n\n\n\n<p>Proseguiamo la nostra esplorazione verso sud&#8230;direzione Grosseto&#8230;per attraversare la Maremma in tutta la sua Bellezza&#8230;&#8230;in questo tratto di tour abbiamo Preferito e prenotato Il Bed and  Breakfast  &lt;Agriturismo Le Siepi&gt; di Michela, che con fare gentile e disponibile  mette a disposizione camere pulitissime e confortevoli, siamo a poche centinaia di metri dal centro di Magliano in Toscana, nonostante la struttura sia immersa nel silenzio dei vigneti<\/p>\n\n\n\n<figure class=\"wp-block-gallery columns-3 is-cropped wp-block-gallery-1 is-layout-flex wp-block-gallery-is-layout-flex\"><ul class=\"blocks-gallery-grid\"><li class=\"blocks-gallery-item\"><figure><img loading=\"lazy\" decoding=\"async\" width=\"1024\" height=\"768\" src=\"http:\/\/www.villagesnc.it\/wp-content\/uploads\/2021\/10\/Agriturismo-le-siepi.jpg1_-1024x768.jpg\" alt=\"\" data-id=\"820\" data-link=\"http:\/\/www.villagesnc.it\/pacchetti-viaggio-t-o-vari\/offerta-euroterme\/vacanze-estive-2021toscana-via-del-chianti-tour-e-isola-delba\/agriturismo-le-siepi-jpg1\/\" class=\"wp-image-820\" srcset=\"https:\/\/www.villagesnc.it\/wp-content\/uploads\/2021\/10\/Agriturismo-le-siepi.jpg1_-1024x768.jpg 1024w, https:\/\/www.villagesnc.it\/wp-content\/uploads\/2021\/10\/Agriturismo-le-siepi.jpg1_-350x263.jpg 350w, https:\/\/www.villagesnc.it\/wp-content\/uploads\/2021\/10\/Agriturismo-le-siepi.jpg1_-300x225.jpg 300w, https:\/\/www.villagesnc.it\/wp-content\/uploads\/2021\/10\/Agriturismo-le-siepi.jpg1_-768x576.jpg 768w, https:\/\/www.villagesnc.it\/wp-content\/uploads\/2021\/10\/Agriturismo-le-siepi.jpg1_.jpg 1200w\" sizes=\"auto, (max-width: 767px) 89vw, (max-width: 1000px) 54vw, (max-width: 1071px) 543px, 580px\" \/><\/figure><\/li><li class=\"blocks-gallery-item\"><figure><img loading=\"lazy\" decoding=\"async\" width=\"1024\" height=\"768\" src=\"http:\/\/www.villagesnc.it\/wp-content\/uploads\/2021\/10\/Agriturismo-le-siepi.jpg2_-1024x768.jpg\" alt=\"\" data-id=\"821\" data-link=\"http:\/\/www.villagesnc.it\/pacchetti-viaggio-t-o-vari\/offerta-euroterme\/vacanze-estive-2021toscana-via-del-chianti-tour-e-isola-delba\/agriturismo-le-siepi-jpg2\/\" class=\"wp-image-821\" srcset=\"https:\/\/www.villagesnc.it\/wp-content\/uploads\/2021\/10\/Agriturismo-le-siepi.jpg2_-1024x768.jpg 1024w, https:\/\/www.villagesnc.it\/wp-content\/uploads\/2021\/10\/Agriturismo-le-siepi.jpg2_-350x263.jpg 350w, https:\/\/www.villagesnc.it\/wp-content\/uploads\/2021\/10\/Agriturismo-le-siepi.jpg2_-300x225.jpg 300w, https:\/\/www.villagesnc.it\/wp-content\/uploads\/2021\/10\/Agriturismo-le-siepi.jpg2_-768x576.jpg 768w, https:\/\/www.villagesnc.it\/wp-content\/uploads\/2021\/10\/Agriturismo-le-siepi.jpg2_.jpg 1200w\" sizes=\"auto, (max-width: 767px) 89vw, (max-width: 1000px) 54vw, (max-width: 1071px) 543px, 580px\" \/><\/figure><\/li><li class=\"blocks-gallery-item\"><figure><img loading=\"lazy\" decoding=\"async\" width=\"768\" height=\"1024\" src=\"http:\/\/www.villagesnc.it\/wp-content\/uploads\/2021\/10\/Agriturismo-le-siepi.jpg10-768x1024.jpg\" alt=\"\" data-id=\"822\" data-link=\"http:\/\/www.villagesnc.it\/pacchetti-viaggio-t-o-vari\/offerta-euroterme\/vacanze-estive-2021toscana-via-del-chianti-tour-e-isola-delba\/agriturismo-le-siepi-jpg10\/\" class=\"wp-image-822\" srcset=\"https:\/\/www.villagesnc.it\/wp-content\/uploads\/2021\/10\/Agriturismo-le-siepi.jpg10-768x1024.jpg 768w, https:\/\/www.villagesnc.it\/wp-content\/uploads\/2021\/10\/Agriturismo-le-siepi.jpg10-350x467.jpg 350w, https:\/\/www.villagesnc.it\/wp-content\/uploads\/2021\/10\/Agriturismo-le-siepi.jpg10-225x300.jpg 225w, https:\/\/www.villagesnc.it\/wp-content\/uploads\/2021\/10\/Agriturismo-le-siepi.jpg10.jpg 1100w\" sizes=\"auto, (max-width: 767px) 89vw, (max-width: 1000px) 54vw, (max-width: 1071px) 543px, 580px\" \/><\/figure><\/li><li class=\"blocks-gallery-item\"><figure><img loading=\"lazy\" decoding=\"async\" width=\"324\" height=\"243\" src=\"http:\/\/www.villagesnc.it\/wp-content\/uploads\/2021\/10\/Agriturismo-le-siepi.jpg11.jpeg\" alt=\"\" data-id=\"823\" data-link=\"http:\/\/www.villagesnc.it\/pacchetti-viaggio-t-o-vari\/offerta-euroterme\/vacanze-estive-2021toscana-via-del-chianti-tour-e-isola-delba\/agriturismo-le-siepi-jpg11\/\" class=\"wp-image-823\" srcset=\"https:\/\/www.villagesnc.it\/wp-content\/uploads\/2021\/10\/Agriturismo-le-siepi.jpg11.jpeg 324w, https:\/\/www.villagesnc.it\/wp-content\/uploads\/2021\/10\/Agriturismo-le-siepi.jpg11-300x225.jpeg 300w\" sizes=\"auto, (max-width: 324px) 100vw, 324px\" \/><\/figure><\/li><li class=\"blocks-gallery-item\"><figure><img loading=\"lazy\" decoding=\"async\" width=\"324\" height=\"243\" src=\"http:\/\/www.villagesnc.it\/wp-content\/uploads\/2021\/10\/Agriturismo-le-siepi.jpg12.jpeg\" alt=\"\" data-id=\"824\" data-link=\"http:\/\/www.villagesnc.it\/pacchetti-viaggio-t-o-vari\/offerta-euroterme\/vacanze-estive-2021toscana-via-del-chianti-tour-e-isola-delba\/agriturismo-le-siepi-jpg12\/\" class=\"wp-image-824\" srcset=\"https:\/\/www.villagesnc.it\/wp-content\/uploads\/2021\/10\/Agriturismo-le-siepi.jpg12.jpeg 324w, https:\/\/www.villagesnc.it\/wp-content\/uploads\/2021\/10\/Agriturismo-le-siepi.jpg12-300x225.jpeg 300w\" sizes=\"auto, (max-width: 324px) 100vw, 324px\" \/><\/figure><\/li><li class=\"blocks-gallery-item\"><figure><img loading=\"lazy\" decoding=\"async\" width=\"324\" height=\"243\" src=\"http:\/\/www.villagesnc.it\/wp-content\/uploads\/2021\/10\/Agriturismo-le-siepi.jpg13.jpeg\" alt=\"\" data-id=\"825\" data-link=\"http:\/\/www.villagesnc.it\/pacchetti-viaggio-t-o-vari\/offerta-euroterme\/vacanze-estive-2021toscana-via-del-chianti-tour-e-isola-delba\/agriturismo-le-siepi-jpg13\/\" class=\"wp-image-825\" srcset=\"https:\/\/www.villagesnc.it\/wp-content\/uploads\/2021\/10\/Agriturismo-le-siepi.jpg13.jpeg 324w, https:\/\/www.villagesnc.it\/wp-content\/uploads\/2021\/10\/Agriturismo-le-siepi.jpg13-300x225.jpeg 300w\" sizes=\"auto, (max-width: 324px) 100vw, 324px\" \/><\/figure><\/li><li class=\"blocks-gallery-item\"><figure><img loading=\"lazy\" decoding=\"async\" width=\"324\" height=\"243\" src=\"http:\/\/www.villagesnc.it\/wp-content\/uploads\/2021\/10\/Agriturismo-le-siepi.jpg15.jpeg\" alt=\"\" data-id=\"826\" data-link=\"http:\/\/www.villagesnc.it\/pacchetti-viaggio-t-o-vari\/offerta-euroterme\/vacanze-estive-2021toscana-via-del-chianti-tour-e-isola-delba\/agriturismo-le-siepi-jpg15\/\" class=\"wp-image-826\" srcset=\"https:\/\/www.villagesnc.it\/wp-content\/uploads\/2021\/10\/Agriturismo-le-siepi.jpg15.jpeg 324w, https:\/\/www.villagesnc.it\/wp-content\/uploads\/2021\/10\/Agriturismo-le-siepi.jpg15-300x225.jpeg 300w\" sizes=\"auto, (max-width: 324px) 100vw, 324px\" \/><\/figure><\/li><li class=\"blocks-gallery-item\"><figure><img loading=\"lazy\" decoding=\"async\" width=\"324\" height=\"243\" src=\"http:\/\/www.villagesnc.it\/wp-content\/uploads\/2021\/10\/Agriturismo-le-siepi.jpg18.jpeg\" alt=\"\" data-id=\"827\" data-link=\"http:\/\/www.villagesnc.it\/pacchetti-viaggio-t-o-vari\/offerta-euroterme\/vacanze-estive-2021toscana-via-del-chianti-tour-e-isola-delba\/agriturismo-le-siepi-jpg18\/\" class=\"wp-image-827\" srcset=\"https:\/\/www.villagesnc.it\/wp-content\/uploads\/2021\/10\/Agriturismo-le-siepi.jpg18.jpeg 324w, https:\/\/www.villagesnc.it\/wp-content\/uploads\/2021\/10\/Agriturismo-le-siepi.jpg18-300x225.jpeg 300w\" sizes=\"auto, (max-width: 324px) 100vw, 324px\" \/><\/figure><\/li><li class=\"blocks-gallery-item\"><figure><img loading=\"lazy\" decoding=\"async\" width=\"324\" height=\"243\" src=\"http:\/\/www.villagesnc.it\/wp-content\/uploads\/2021\/10\/Agriturismo-le-siepi.jpg17.jpeg\" alt=\"\" data-id=\"828\" data-link=\"http:\/\/www.villagesnc.it\/pacchetti-viaggio-t-o-vari\/offerta-euroterme\/vacanze-estive-2021toscana-via-del-chianti-tour-e-isola-delba\/agriturismo-le-siepi-jpg17\/\" class=\"wp-image-828\" srcset=\"https:\/\/www.villagesnc.it\/wp-content\/uploads\/2021\/10\/Agriturismo-le-siepi.jpg17.jpeg 324w, https:\/\/www.villagesnc.it\/wp-content\/uploads\/2021\/10\/Agriturismo-le-siepi.jpg17-300x225.jpeg 300w\" sizes=\"auto, (max-width: 324px) 100vw, 324px\" \/><\/figure><\/li><li class=\"blocks-gallery-item\"><figure><img loading=\"lazy\" decoding=\"async\" width=\"1024\" height=\"768\" src=\"http:\/\/www.villagesnc.it\/wp-content\/uploads\/2021\/10\/agriturismo-le-siepi4.jpg5_-1024x768.jpg\" alt=\"\" data-id=\"829\" data-link=\"http:\/\/www.villagesnc.it\/pacchetti-viaggio-t-o-vari\/offerta-euroterme\/vacanze-estive-2021toscana-via-del-chianti-tour-e-isola-delba\/agriturismo-le-siepi4-jpg5\/\" class=\"wp-image-829\" srcset=\"https:\/\/www.villagesnc.it\/wp-content\/uploads\/2021\/10\/agriturismo-le-siepi4.jpg5_-1024x768.jpg 1024w, https:\/\/www.villagesnc.it\/wp-content\/uploads\/2021\/10\/agriturismo-le-siepi4.jpg5_-350x263.jpg 350w, https:\/\/www.villagesnc.it\/wp-content\/uploads\/2021\/10\/agriturismo-le-siepi4.jpg5_-300x225.jpg 300w, https:\/\/www.villagesnc.it\/wp-content\/uploads\/2021\/10\/agriturismo-le-siepi4.jpg5_-768x576.jpg 768w, https:\/\/www.villagesnc.it\/wp-content\/uploads\/2021\/10\/agriturismo-le-siepi4.jpg5_.jpg 1200w\" sizes=\"auto, (max-width: 767px) 89vw, (max-width: 1000px) 54vw, (max-width: 1071px) 543px, 580px\" \/><\/figure><\/li><li class=\"blocks-gallery-item\"><figure><img loading=\"lazy\" decoding=\"async\" width=\"1024\" height=\"768\" src=\"http:\/\/www.villagesnc.it\/wp-content\/uploads\/2021\/10\/Le-Siepi-1024x768.jpg\" alt=\"\" data-id=\"830\" data-link=\"http:\/\/www.villagesnc.it\/pacchetti-viaggio-t-o-vari\/offerta-euroterme\/vacanze-estive-2021toscana-via-del-chianti-tour-e-isola-delba\/le-siepi\/\" class=\"wp-image-830\" srcset=\"https:\/\/www.villagesnc.it\/wp-content\/uploads\/2021\/10\/Le-Siepi-1024x768.jpg 1024w, https:\/\/www.villagesnc.it\/wp-content\/uploads\/2021\/10\/Le-Siepi-350x263.jpg 350w, https:\/\/www.villagesnc.it\/wp-content\/uploads\/2021\/10\/Le-Siepi-300x225.jpg 300w, https:\/\/www.villagesnc.it\/wp-content\/uploads\/2021\/10\/Le-Siepi-768x576.jpg 768w, https:\/\/www.villagesnc.it\/wp-content\/uploads\/2021\/10\/Le-Siepi.jpg 1200w\" sizes=\"auto, (max-width: 767px) 89vw, (max-width: 1000px) 54vw, (max-width: 1071px) 543px, 580px\" \/><\/figure><\/li><li class=\"blocks-gallery-item\"><figure><img loading=\"lazy\" decoding=\"async\" width=\"325\" height=\"577\" src=\"http:\/\/www.villagesnc.it\/wp-content\/uploads\/2021\/10\/Agriturismo-le-siepi.jpg20.jpg\" alt=\"\" data-id=\"831\" data-link=\"http:\/\/www.villagesnc.it\/pacchetti-viaggio-t-o-vari\/offerta-euroterme\/vacanze-estive-2021toscana-via-del-chianti-tour-e-isola-delba\/agriturismo-le-siepi-jpg20\/\" class=\"wp-image-831\" srcset=\"https:\/\/www.villagesnc.it\/wp-content\/uploads\/2021\/10\/Agriturismo-le-siepi.jpg20.jpg 325w, https:\/\/www.villagesnc.it\/wp-content\/uploads\/2021\/10\/Agriturismo-le-siepi.jpg20-169x300.jpg 169w\" sizes=\"auto, (max-width: 325px) 100vw, 325px\" \/><figcaption class=\"blocks-gallery-item__caption\">La Signora Michela e&#8217; anche una bravissima cuoca e offre un servizio colazione con bellezza e sobrieta&#8217; e ricco di prelibatezze della sua cucina anche con prodotti tipici.<\/figcaption><\/figure><\/li><li class=\"blocks-gallery-item\"><figure><img loading=\"lazy\" decoding=\"async\" width=\"324\" height=\"590\" src=\"http:\/\/www.villagesnc.it\/wp-content\/uploads\/2021\/10\/Agriturismo-le-siepi.jpg29.jpeg\" alt=\"\" data-id=\"832\" data-link=\"http:\/\/www.villagesnc.it\/pacchetti-viaggio-t-o-vari\/offerta-euroterme\/vacanze-estive-2021toscana-via-del-chianti-tour-e-isola-delba\/agriturismo-le-siepi-jpg29\/\" class=\"wp-image-832\" srcset=\"https:\/\/www.villagesnc.it\/wp-content\/uploads\/2021\/10\/Agriturismo-le-siepi.jpg29.jpeg 324w, https:\/\/www.villagesnc.it\/wp-content\/uploads\/2021\/10\/Agriturismo-le-siepi.jpg29-165x300.jpeg 165w\" sizes=\"auto, (max-width: 324px) 100vw, 324px\" \/><\/figure><\/li><li class=\"blocks-gallery-item\"><figure><img loading=\"lazy\" decoding=\"async\" width=\"960\" height=\"720\" src=\"http:\/\/www.villagesnc.it\/wp-content\/uploads\/2021\/10\/agriturismo-le-siepi8.jpg\" alt=\"\" data-id=\"833\" data-link=\"http:\/\/www.villagesnc.it\/pacchetti-viaggio-t-o-vari\/offerta-euroterme\/vacanze-estive-2021toscana-via-del-chianti-tour-e-isola-delba\/agriturismo-le-siepi8\/\" class=\"wp-image-833\" srcset=\"https:\/\/www.villagesnc.it\/wp-content\/uploads\/2021\/10\/agriturismo-le-siepi8.jpg 960w, https:\/\/www.villagesnc.it\/wp-content\/uploads\/2021\/10\/agriturismo-le-siepi8-350x263.jpg 350w, https:\/\/www.villagesnc.it\/wp-content\/uploads\/2021\/10\/agriturismo-le-siepi8-300x225.jpg 300w, https:\/\/www.villagesnc.it\/wp-content\/uploads\/2021\/10\/agriturismo-le-siepi8-768x576.jpg 768w\" sizes=\"auto, (max-width: 767px) 89vw, (max-width: 1000px) 54vw, (max-width: 1071px) 543px, 580px\" \/><\/figure><\/li><li class=\"blocks-gallery-item\"><figure><img loading=\"lazy\" decoding=\"async\" width=\"1024\" height=\"768\" src=\"http:\/\/www.villagesnc.it\/wp-content\/uploads\/2021\/10\/agriturismo-le-siepi4.jpg7_-1024x768.jpg\" alt=\"\" data-id=\"834\" data-link=\"http:\/\/www.villagesnc.it\/pacchetti-viaggio-t-o-vari\/offerta-euroterme\/vacanze-estive-2021toscana-via-del-chianti-tour-e-isola-delba\/agriturismo-le-siepi4-jpg7\/\" class=\"wp-image-834\" srcset=\"https:\/\/www.villagesnc.it\/wp-content\/uploads\/2021\/10\/agriturismo-le-siepi4.jpg7_-1024x768.jpg 1024w, https:\/\/www.villagesnc.it\/wp-content\/uploads\/2021\/10\/agriturismo-le-siepi4.jpg7_-350x263.jpg 350w, https:\/\/www.villagesnc.it\/wp-content\/uploads\/2021\/10\/agriturismo-le-siepi4.jpg7_-300x225.jpg 300w, https:\/\/www.villagesnc.it\/wp-content\/uploads\/2021\/10\/agriturismo-le-siepi4.jpg7_-768x576.jpg 768w, https:\/\/www.villagesnc.it\/wp-content\/uploads\/2021\/10\/agriturismo-le-siepi4.jpg7_.jpg 1200w\" sizes=\"auto, (max-width: 767px) 89vw, (max-width: 1000px) 54vw, (max-width: 1071px) 543px, 580px\" \/><\/figure><\/li><li class=\"blocks-gallery-item\"><figure><img loading=\"lazy\" decoding=\"async\" width=\"1024\" height=\"485\" src=\"http:\/\/www.villagesnc.it\/wp-content\/uploads\/2021\/10\/Agriturismo-le-siepi-1024x485.jpg\" alt=\"\" data-id=\"835\" data-link=\"http:\/\/www.villagesnc.it\/pacchetti-viaggio-t-o-vari\/offerta-euroterme\/vacanze-estive-2021toscana-via-del-chianti-tour-e-isola-delba\/agriturismo-le-siepi\/\" class=\"wp-image-835\" srcset=\"https:\/\/www.villagesnc.it\/wp-content\/uploads\/2021\/10\/Agriturismo-le-siepi-1024x485.jpg 1024w, https:\/\/www.villagesnc.it\/wp-content\/uploads\/2021\/10\/Agriturismo-le-siepi-350x166.jpg 350w, https:\/\/www.villagesnc.it\/wp-content\/uploads\/2021\/10\/Agriturismo-le-siepi-300x142.jpg 300w, https:\/\/www.villagesnc.it\/wp-content\/uploads\/2021\/10\/Agriturismo-le-siepi-768x364.jpg 768w, https:\/\/www.villagesnc.it\/wp-content\/uploads\/2021\/10\/Agriturismo-le-siepi.jpg 1200w\" sizes=\"auto, (max-width: 767px) 89vw, (max-width: 1000px) 54vw, (max-width: 1071px) 543px, 580px\" \/><\/figure><\/li><li class=\"blocks-gallery-item\"><figure><img loading=\"lazy\" decoding=\"async\" width=\"324\" height=\"243\" src=\"http:\/\/www.villagesnc.it\/wp-content\/uploads\/2021\/10\/Agriturismo-le-siepi.jpg14.jpeg\" alt=\"\" data-id=\"836\" data-link=\"http:\/\/www.villagesnc.it\/pacchetti-viaggio-t-o-vari\/offerta-euroterme\/vacanze-estive-2021toscana-via-del-chianti-tour-e-isola-delba\/agriturismo-le-siepi-jpg14\/\" class=\"wp-image-836\" srcset=\"https:\/\/www.villagesnc.it\/wp-content\/uploads\/2021\/10\/Agriturismo-le-siepi.jpg14.jpeg 324w, https:\/\/www.villagesnc.it\/wp-content\/uploads\/2021\/10\/Agriturismo-le-siepi.jpg14-300x225.jpeg 300w\" sizes=\"auto, (max-width: 324px) 100vw, 324px\" \/><figcaption class=\"blocks-gallery-item__caption\">Non perdetevi di prenotare pranzo o cena, perche&#8217; Michela ,ripeto,e&#8217; un&#8217;ottima cuoca.<\/figcaption><\/figure><\/li><li class=\"blocks-gallery-item\"><figure><img loading=\"lazy\" decoding=\"async\" width=\"324\" height=\"590\" src=\"http:\/\/www.villagesnc.it\/wp-content\/uploads\/2021\/10\/Agriturismo-le-siepi.jpg19.jpeg\" alt=\"\" data-id=\"837\" data-link=\"http:\/\/www.villagesnc.it\/pacchetti-viaggio-t-o-vari\/offerta-euroterme\/vacanze-estive-2021toscana-via-del-chianti-tour-e-isola-delba\/agriturismo-le-siepi-jpg19\/\" class=\"wp-image-837\" srcset=\"https:\/\/www.villagesnc.it\/wp-content\/uploads\/2021\/10\/Agriturismo-le-siepi.jpg19.jpeg 324w, https:\/\/www.villagesnc.it\/wp-content\/uploads\/2021\/10\/Agriturismo-le-siepi.jpg19-165x300.jpeg 165w\" sizes=\"auto, (max-width: 324px) 100vw, 324px\" \/><\/figure><\/li><li class=\"blocks-gallery-item\"><figure><img loading=\"lazy\" decoding=\"async\" width=\"325\" height=\"433\" src=\"http:\/\/www.villagesnc.it\/wp-content\/uploads\/2021\/10\/Agriturismo-le-siepi.jpg24.jpg\" alt=\"\" data-id=\"838\" data-link=\"http:\/\/www.villagesnc.it\/pacchetti-viaggio-t-o-vari\/offerta-euroterme\/vacanze-estive-2021toscana-via-del-chianti-tour-e-isola-delba\/agriturismo-le-siepi-jpg24\/\" class=\"wp-image-838\" srcset=\"https:\/\/www.villagesnc.it\/wp-content\/uploads\/2021\/10\/Agriturismo-le-siepi.jpg24.jpg 325w, https:\/\/www.villagesnc.it\/wp-content\/uploads\/2021\/10\/Agriturismo-le-siepi.jpg24-225x300.jpg 225w\" sizes=\"auto, (max-width: 325px) 100vw, 325px\" \/><\/figure><\/li><li class=\"blocks-gallery-item\"><figure><img loading=\"lazy\" decoding=\"async\" width=\"324\" height=\"590\" src=\"http:\/\/www.villagesnc.it\/wp-content\/uploads\/2021\/10\/Agriturismo-le-siepi.jpg21.jpeg\" alt=\"\" data-id=\"839\" data-link=\"http:\/\/www.villagesnc.it\/pacchetti-viaggio-t-o-vari\/offerta-euroterme\/vacanze-estive-2021toscana-via-del-chianti-tour-e-isola-delba\/agriturismo-le-siepi-jpg21\/\" class=\"wp-image-839\" srcset=\"https:\/\/www.villagesnc.it\/wp-content\/uploads\/2021\/10\/Agriturismo-le-siepi.jpg21.jpeg 324w, https:\/\/www.villagesnc.it\/wp-content\/uploads\/2021\/10\/Agriturismo-le-siepi.jpg21-165x300.jpeg 165w\" sizes=\"auto, (max-width: 324px) 100vw, 324px\" \/><\/figure><\/li><li class=\"blocks-gallery-item\"><figure><img loading=\"lazy\" decoding=\"async\" width=\"324\" height=\"590\" src=\"http:\/\/www.villagesnc.it\/wp-content\/uploads\/2021\/10\/Agriturismo-le-siepi.jpg22-1.jpeg\" alt=\"\" data-id=\"841\" data-link=\"http:\/\/www.villagesnc.it\/pacchetti-viaggio-t-o-vari\/offerta-euroterme\/vacanze-estive-2021toscana-via-del-chianti-tour-e-isola-delba\/agriturismo-le-siepi-jpg22-2\/\" class=\"wp-image-841\" srcset=\"https:\/\/www.villagesnc.it\/wp-content\/uploads\/2021\/10\/Agriturismo-le-siepi.jpg22-1.jpeg 324w, https:\/\/www.villagesnc.it\/wp-content\/uploads\/2021\/10\/Agriturismo-le-siepi.jpg22-1-165x300.jpeg 165w\" sizes=\"auto, (max-width: 324px) 100vw, 324px\" \/><\/figure><\/li><li class=\"blocks-gallery-item\"><figure><img loading=\"lazy\" decoding=\"async\" width=\"325\" height=\"585\" src=\"http:\/\/www.villagesnc.it\/wp-content\/uploads\/2021\/10\/Agriturismo-le-siepi.jpg23.jpeg\" alt=\"\" data-id=\"842\" data-link=\"http:\/\/www.villagesnc.it\/pacchetti-viaggio-t-o-vari\/offerta-euroterme\/vacanze-estive-2021toscana-via-del-chianti-tour-e-isola-delba\/agriturismo-le-siepi-jpg23\/\" class=\"wp-image-842\" srcset=\"https:\/\/www.villagesnc.it\/wp-content\/uploads\/2021\/10\/Agriturismo-le-siepi.jpg23.jpeg 325w, https:\/\/www.villagesnc.it\/wp-content\/uploads\/2021\/10\/Agriturismo-le-siepi.jpg23-167x300.jpeg 167w\" sizes=\"auto, (max-width: 325px) 100vw, 325px\" \/><\/figure><\/li><li class=\"blocks-gallery-item\"><figure><img loading=\"lazy\" decoding=\"async\" width=\"325\" height=\"433\" src=\"http:\/\/www.villagesnc.it\/wp-content\/uploads\/2021\/10\/Agriturismo-le-siepi.jpg27.jpg\" alt=\"\" data-id=\"843\" data-link=\"http:\/\/www.villagesnc.it\/pacchetti-viaggio-t-o-vari\/offerta-euroterme\/vacanze-estive-2021toscana-via-del-chianti-tour-e-isola-delba\/agriturismo-le-siepi-jpg27\/\" class=\"wp-image-843\" srcset=\"https:\/\/www.villagesnc.it\/wp-content\/uploads\/2021\/10\/Agriturismo-le-siepi.jpg27.jpg 325w, https:\/\/www.villagesnc.it\/wp-content\/uploads\/2021\/10\/Agriturismo-le-siepi.jpg27-225x300.jpg 225w\" sizes=\"auto, (max-width: 325px) 100vw, 325px\" \/><\/figure><\/li><li class=\"blocks-gallery-item\"><figure><img loading=\"lazy\" decoding=\"async\" width=\"324\" height=\"590\" src=\"http:\/\/www.villagesnc.it\/wp-content\/uploads\/2021\/10\/Agriturismo-le-siepi.jpg25.jpg\" alt=\"\" data-id=\"844\" data-link=\"http:\/\/www.villagesnc.it\/pacchetti-viaggio-t-o-vari\/offerta-euroterme\/vacanze-estive-2021toscana-via-del-chianti-tour-e-isola-delba\/agriturismo-le-siepi-jpg25\/\" class=\"wp-image-844\" srcset=\"https:\/\/www.villagesnc.it\/wp-content\/uploads\/2021\/10\/Agriturismo-le-siepi.jpg25.jpg 324w, https:\/\/www.villagesnc.it\/wp-content\/uploads\/2021\/10\/Agriturismo-le-siepi.jpg25-165x300.jpg 165w\" sizes=\"auto, (max-width: 324px) 100vw, 324px\" \/><\/figure><\/li><li class=\"blocks-gallery-item\"><figure><img loading=\"lazy\" decoding=\"async\" width=\"1024\" height=\"768\" src=\"http:\/\/www.villagesnc.it\/wp-content\/uploads\/2021\/10\/Agriturismo-le-siepi.jpg6_-1024x768.jpg\" alt=\"\" data-id=\"845\" data-link=\"http:\/\/www.villagesnc.it\/pacchetti-viaggio-t-o-vari\/offerta-euroterme\/vacanze-estive-2021toscana-via-del-chianti-tour-e-isola-delba\/agriturismo-le-siepi-jpg6\/\" class=\"wp-image-845\" srcset=\"https:\/\/www.villagesnc.it\/wp-content\/uploads\/2021\/10\/Agriturismo-le-siepi.jpg6_-1024x768.jpg 1024w, https:\/\/www.villagesnc.it\/wp-content\/uploads\/2021\/10\/Agriturismo-le-siepi.jpg6_-350x263.jpg 350w, https:\/\/www.villagesnc.it\/wp-content\/uploads\/2021\/10\/Agriturismo-le-siepi.jpg6_-300x225.jpg 300w, https:\/\/www.villagesnc.it\/wp-content\/uploads\/2021\/10\/Agriturismo-le-siepi.jpg6_-768x576.jpg 768w, https:\/\/www.villagesnc.it\/wp-content\/uploads\/2021\/10\/Agriturismo-le-siepi.jpg6_.jpg 1200w\" sizes=\"auto, (max-width: 767px) 89vw, (max-width: 1000px) 54vw, (max-width: 1071px) 543px, 580px\" \/><\/figure><\/li><li class=\"blocks-gallery-item\"><figure><img loading=\"lazy\" decoding=\"async\" width=\"1024\" height=\"1024\" src=\"http:\/\/www.villagesnc.it\/wp-content\/uploads\/2021\/10\/Agriturismo-le-siepi.jpg3_-1024x1024.jpg\" alt=\"\" data-id=\"846\" data-link=\"http:\/\/www.villagesnc.it\/pacchetti-viaggio-t-o-vari\/offerta-euroterme\/vacanze-estive-2021toscana-via-del-chianti-tour-e-isola-delba\/agriturismo-le-siepi-jpg3\/\" class=\"wp-image-846\" srcset=\"https:\/\/www.villagesnc.it\/wp-content\/uploads\/2021\/10\/Agriturismo-le-siepi.jpg3_-1024x1024.jpg 1024w, https:\/\/www.villagesnc.it\/wp-content\/uploads\/2021\/10\/Agriturismo-le-siepi.jpg3_-250x250.jpg 250w, https:\/\/www.villagesnc.it\/wp-content\/uploads\/2021\/10\/Agriturismo-le-siepi.jpg3_-100x100.jpg 100w, https:\/\/www.villagesnc.it\/wp-content\/uploads\/2021\/10\/Agriturismo-le-siepi.jpg3_-350x350.jpg 350w, https:\/\/www.villagesnc.it\/wp-content\/uploads\/2021\/10\/Agriturismo-le-siepi.jpg3_-150x150.jpg 150w, https:\/\/www.villagesnc.it\/wp-content\/uploads\/2021\/10\/Agriturismo-le-siepi.jpg3_-300x300.jpg 300w, https:\/\/www.villagesnc.it\/wp-content\/uploads\/2021\/10\/Agriturismo-le-siepi.jpg3_-768x768.jpg 768w, https:\/\/www.villagesnc.it\/wp-content\/uploads\/2021\/10\/Agriturismo-le-siepi.jpg3_.jpg 1080w\" sizes=\"auto, (max-width: 767px) 89vw, (max-width: 1000px) 54vw, (max-width: 1071px) 543px, 580px\" \/><\/figure><\/li><li class=\"blocks-gallery-item\"><figure><img loading=\"lazy\" decoding=\"async\" width=\"324\" height=\"243\" src=\"http:\/\/www.villagesnc.it\/wp-content\/uploads\/2021\/10\/Agriturismo-le-siepi.jpg16.jpeg\" alt=\"\" data-id=\"848\" data-link=\"http:\/\/www.villagesnc.it\/pacchetti-viaggio-t-o-vari\/offerta-euroterme\/vacanze-estive-2021toscana-via-del-chianti-tour-e-isola-delba\/agriturismo-le-siepi-jpg16\/\" class=\"wp-image-848\" srcset=\"https:\/\/www.villagesnc.it\/wp-content\/uploads\/2021\/10\/Agriturismo-le-siepi.jpg16.jpeg 324w, https:\/\/www.villagesnc.it\/wp-content\/uploads\/2021\/10\/Agriturismo-le-siepi.jpg16-300x225.jpeg 300w\" sizes=\"auto, (max-width: 324px) 100vw, 324px\" \/><\/figure><\/li><\/ul><\/figure>\n\n\n\n<p>Se vi capita di passare da Magliano in Toscana non perdetevi di soggiornare qui.. Agriturismo Le Siepi Tutto ok e noi sicuramente ci Torneremo.<\/p>\n\n\n\n<div class=\"wp-block-image\"><figure class=\"alignright is-resized\"><img loading=\"lazy\" decoding=\"async\" src=\"https:\/\/www.ottimositoweb.it\/wp-content\/uploads\/2020\/09\/Untitled-1-2.jpg\" alt=\"Emoji, adesivi (Sticker), smiley ed emoticon: qual \u00e8 il loro significato?\" width=\"98\" height=\"64\"\/><\/figure><\/div>\n\n\n\n<p>Passaggio all&#8217;Argentario, che dire, una meraviglia&#8230;pini marittimi e vegetazione che si tuffano nel mare blu con panorami mozzafiato.<\/p>\n\n\n\n<figure class=\"wp-block-image is-resized\"><img loading=\"lazy\" decoding=\"async\" src=\"http:\/\/www.villagesnc.it\/wp-content\/uploads\/2021\/10\/Monte-Argentario-e1597056652482.jpg\" alt=\"\" class=\"wp-image-853\" width=\"586\" height=\"443\" srcset=\"https:\/\/www.villagesnc.it\/wp-content\/uploads\/2021\/10\/Monte-Argentario-e1597056652482.jpg 500w, https:\/\/www.villagesnc.it\/wp-content\/uploads\/2021\/10\/Monte-Argentario-e1597056652482-350x265.jpg 350w, https:\/\/www.villagesnc.it\/wp-content\/uploads\/2021\/10\/Monte-Argentario-e1597056652482-300x227.jpg 300w\" sizes=\"auto, (max-width: 586px) 100vw, 586px\" \/><\/figure>\n\n\n\n<figure class=\"wp-block-image is-resized\"><img loading=\"lazy\" decoding=\"async\" src=\"http:\/\/www.villagesnc.it\/wp-content\/uploads\/2021\/10\/Spiagge-monte-Argentario.jpg\" alt=\"\" class=\"wp-image-854\" width=\"591\" height=\"393\"\/><figcaption>Argentario-Cala Grande<\/figcaption><\/figure>\n\n\n\n<figure class=\"wp-block-image is-resized\"><img loading=\"lazy\" decoding=\"async\" src=\"http:\/\/www.villagesnc.it\/wp-content\/uploads\/2021\/10\/monte-argentario-tra-le-fortezze-che-guardano-al-mare-1024x584.jpg\" alt=\"\" class=\"wp-image-855\" width=\"589\" height=\"335\" srcset=\"https:\/\/www.villagesnc.it\/wp-content\/uploads\/2021\/10\/monte-argentario-tra-le-fortezze-che-guardano-al-mare-1024x584.jpg 1024w, https:\/\/www.villagesnc.it\/wp-content\/uploads\/2021\/10\/monte-argentario-tra-le-fortezze-che-guardano-al-mare-350x200.jpg 350w, https:\/\/www.villagesnc.it\/wp-content\/uploads\/2021\/10\/monte-argentario-tra-le-fortezze-che-guardano-al-mare-300x171.jpg 300w, https:\/\/www.villagesnc.it\/wp-content\/uploads\/2021\/10\/monte-argentario-tra-le-fortezze-che-guardano-al-mare-768x438.jpg 768w, https:\/\/www.villagesnc.it\/wp-content\/uploads\/2021\/10\/monte-argentario-tra-le-fortezze-che-guardano-al-mare.jpg 1217w\" sizes=\"auto, (max-width: 589px) 100vw, 589px\" \/><\/figure>\n\n\n\n<figure class=\"wp-block-image is-resized\"><img loading=\"lazy\" decoding=\"async\" src=\"http:\/\/www.villagesnc.it\/wp-content\/uploads\/2021\/10\/Porto-Santo-Stefano.jpg\" alt=\"\" class=\"wp-image-856\" width=\"583\" height=\"309\" srcset=\"https:\/\/www.villagesnc.it\/wp-content\/uploads\/2021\/10\/Porto-Santo-Stefano.jpg 308w, https:\/\/www.villagesnc.it\/wp-content\/uploads\/2021\/10\/Porto-Santo-Stefano-300x159.jpg 300w\" sizes=\"auto, (max-width: 583px) 100vw, 583px\" \/><figcaption>Porto Santo Stefano<\/figcaption><\/figure>\n\n\n\n<blockquote class=\"wp-block-quote is-layout-flow wp-block-quote-is-layout-flow\"><p>Tante belle Spiagge&#8230;&#8230;&#8230;.<\/p><\/blockquote>\n\n\n\n<figure class=\"wp-block-image is-resized\"><img loading=\"lazy\" decoding=\"async\" src=\"http:\/\/www.villagesnc.it\/wp-content\/uploads\/2021\/10\/argentario-cala-del-gesso-thinkstock.jpg\" alt=\"\" class=\"wp-image-861\" width=\"579\" height=\"329\" srcset=\"https:\/\/www.villagesnc.it\/wp-content\/uploads\/2021\/10\/argentario-cala-del-gesso-thinkstock.jpg 786w, https:\/\/www.villagesnc.it\/wp-content\/uploads\/2021\/10\/argentario-cala-del-gesso-thinkstock-350x199.jpg 350w, https:\/\/www.villagesnc.it\/wp-content\/uploads\/2021\/10\/argentario-cala-del-gesso-thinkstock-300x171.jpg 300w, https:\/\/www.villagesnc.it\/wp-content\/uploads\/2021\/10\/argentario-cala-del-gesso-thinkstock-768x438.jpg 768w\" sizes=\"auto, (max-width: 579px) 100vw, 579px\" \/><figcaption>Argentario:Cala del Gesso<\/figcaption><\/figure>\n\n\n\n<figure class=\"wp-block-image\"><img loading=\"lazy\" decoding=\"async\" width=\"786\" height=\"448\" src=\"http:\/\/www.villagesnc.it\/wp-content\/uploads\/2021\/10\/argentario-spiaggia-bagni-di-domiziano-proloco-monte-argentario.jpg\" alt=\"\" class=\"wp-image-862\" srcset=\"https:\/\/www.villagesnc.it\/wp-content\/uploads\/2021\/10\/argentario-spiaggia-bagni-di-domiziano-proloco-monte-argentario.jpg 786w, https:\/\/www.villagesnc.it\/wp-content\/uploads\/2021\/10\/argentario-spiaggia-bagni-di-domiziano-proloco-monte-argentario-350x199.jpg 350w, https:\/\/www.villagesnc.it\/wp-content\/uploads\/2021\/10\/argentario-spiaggia-bagni-di-domiziano-proloco-monte-argentario-300x171.jpg 300w, https:\/\/www.villagesnc.it\/wp-content\/uploads\/2021\/10\/argentario-spiaggia-bagni-di-domiziano-proloco-monte-argentario-768x438.jpg 768w\" sizes=\"auto, (max-width: 767px) 89vw, (max-width: 1000px) 54vw, (max-width: 1071px) 543px, 580px\" \/><figcaption>Argentario:Bagni di Domiziano<\/figcaption><\/figure>\n\n\n\n<figure class=\"wp-block-image is-resized\"><img loading=\"lazy\" decoding=\"async\" src=\"http:\/\/www.villagesnc.it\/wp-content\/uploads\/2021\/10\/argentario-feniglia-proloco-monte-argentario.jpg\" alt=\"\" class=\"wp-image-863\" width=\"585\" height=\"333\" srcset=\"https:\/\/www.villagesnc.it\/wp-content\/uploads\/2021\/10\/argentario-feniglia-proloco-monte-argentario.jpg 786w, https:\/\/www.villagesnc.it\/wp-content\/uploads\/2021\/10\/argentario-feniglia-proloco-monte-argentario-350x199.jpg 350w, https:\/\/www.villagesnc.it\/wp-content\/uploads\/2021\/10\/argentario-feniglia-proloco-monte-argentario-300x171.jpg 300w, https:\/\/www.villagesnc.it\/wp-content\/uploads\/2021\/10\/argentario-feniglia-proloco-monte-argentario-768x438.jpg 768w\" sizes=\"auto, (max-width: 585px) 100vw, 585px\" \/><figcaption>Argentario:Spiaggia Fenigli<\/figcaption><\/figure>\n\n\n\n<figure class=\"wp-block-image\"><img loading=\"lazy\" decoding=\"async\" width=\"786\" height=\"448\" src=\"http:\/\/www.villagesnc.it\/wp-content\/uploads\/2021\/10\/argentario-cala-grande-proloco-monte-argentario.jpg\" alt=\"\" class=\"wp-image-864\" srcset=\"https:\/\/www.villagesnc.it\/wp-content\/uploads\/2021\/10\/argentario-cala-grande-proloco-monte-argentario.jpg 786w, https:\/\/www.villagesnc.it\/wp-content\/uploads\/2021\/10\/argentario-cala-grande-proloco-monte-argentario-350x199.jpg 350w, https:\/\/www.villagesnc.it\/wp-content\/uploads\/2021\/10\/argentario-cala-grande-proloco-monte-argentario-300x171.jpg 300w, https:\/\/www.villagesnc.it\/wp-content\/uploads\/2021\/10\/argentario-cala-grande-proloco-monte-argentario-768x438.jpg 768w\" sizes=\"auto, (max-width: 767px) 89vw, (max-width: 1000px) 54vw, (max-width: 1071px) 543px, 580px\" \/><figcaption>Argentario:Cala Grande<\/figcaption><\/figure>\n\n\n\n<figure class=\"wp-block-image\"><img loading=\"lazy\" decoding=\"async\" width=\"786\" height=\"448\" src=\"http:\/\/www.villagesnc.it\/wp-content\/uploads\/2021\/10\/argentario-cala-piccola-thinkstock.jpg\" alt=\"\" class=\"wp-image-865\" srcset=\"https:\/\/www.villagesnc.it\/wp-content\/uploads\/2021\/10\/argentario-cala-piccola-thinkstock.jpg 786w, https:\/\/www.villagesnc.it\/wp-content\/uploads\/2021\/10\/argentario-cala-piccola-thinkstock-350x199.jpg 350w, https:\/\/www.villagesnc.it\/wp-content\/uploads\/2021\/10\/argentario-cala-piccola-thinkstock-300x171.jpg 300w, https:\/\/www.villagesnc.it\/wp-content\/uploads\/2021\/10\/argentario-cala-piccola-thinkstock-768x438.jpg 768w\" sizes=\"auto, (max-width: 767px) 89vw, (max-width: 1000px) 54vw, (max-width: 1071px) 543px, 580px\" \/><figcaption>Argentario:Cala Piccola<\/figcaption><\/figure>\n\n\n\n<figure class=\"wp-block-image\"><img loading=\"lazy\" decoding=\"async\" width=\"786\" height=\"448\" src=\"http:\/\/www.villagesnc.it\/wp-content\/uploads\/2021\/10\/argentario-spiaggia-della-cantoniera-proloco-monte-argentario.jpg\" alt=\"\" class=\"wp-image-866\" srcset=\"https:\/\/www.villagesnc.it\/wp-content\/uploads\/2021\/10\/argentario-spiaggia-della-cantoniera-proloco-monte-argentario.jpg 786w, https:\/\/www.villagesnc.it\/wp-content\/uploads\/2021\/10\/argentario-spiaggia-della-cantoniera-proloco-monte-argentario-350x199.jpg 350w, https:\/\/www.villagesnc.it\/wp-content\/uploads\/2021\/10\/argentario-spiaggia-della-cantoniera-proloco-monte-argentario-300x171.jpg 300w, https:\/\/www.villagesnc.it\/wp-content\/uploads\/2021\/10\/argentario-spiaggia-della-cantoniera-proloco-monte-argentario-768x438.jpg 768w\" sizes=\"auto, (max-width: 767px) 89vw, (max-width: 1000px) 54vw, (max-width: 1071px) 543px, 580px\" \/><figcaption>Argentario:Spiaggia della Cantoniera<\/figcaption><\/figure>\n\n\n\n<figure class=\"wp-block-image\"><img loading=\"lazy\" decoding=\"async\" width=\"786\" height=\"448\" src=\"http:\/\/www.villagesnc.it\/wp-content\/uploads\/2021\/10\/argentario-la-soda-andrea-de-maria-proloco-monte-argentario.jpg\" alt=\"\" class=\"wp-image-867\" srcset=\"https:\/\/www.villagesnc.it\/wp-content\/uploads\/2021\/10\/argentario-la-soda-andrea-de-maria-proloco-monte-argentario.jpg 786w, https:\/\/www.villagesnc.it\/wp-content\/uploads\/2021\/10\/argentario-la-soda-andrea-de-maria-proloco-monte-argentario-350x199.jpg 350w, https:\/\/www.villagesnc.it\/wp-content\/uploads\/2021\/10\/argentario-la-soda-andrea-de-maria-proloco-monte-argentario-300x171.jpg 300w, https:\/\/www.villagesnc.it\/wp-content\/uploads\/2021\/10\/argentario-la-soda-andrea-de-maria-proloco-monte-argentario-768x438.jpg 768w\" sizes=\"auto, (max-width: 767px) 89vw, (max-width: 1000px) 54vw, (max-width: 1071px) 543px, 580px\" \/><figcaption>Argentario: La Soda<\/figcaption><\/figure>\n\n\n\n<div class=\"wp-block-image\"><figure class=\"alignright is-resized\"><img loading=\"lazy\" decoding=\"async\" src=\"https:\/\/encrypted-tbn0.gstatic.com\/images?q=tbn:ANd9GcTtUZMRZyaICT5haAiO-E_7yKYzLT7tNrO_aixDOSkZV2maIZEnyArbbImdgYBK0ratxfo&amp;usqp=CAU\" alt=\"900+ idee su Smile nel 2021 | emoticon, immagini, facce divertenti\" width=\"83\" height=\"85\"\/><\/figure><\/div>\n\n\n\n<h2 class=\"wp-block-heading\">Argentario&#8230; Meraviglia della natura,ci torneremo sicuramente.<\/h2>\n\n\n\n<p>Qui abbiamo scelto una piccola casetta su, su, su&#8230;nella parte alta di Cavo, zona pi\u00f9 verde e naturale di tutta l&#8217;isola. Qui ci troviamo nell&#8217;Agriturismo Amandolo. <br><a href=\"https:\/\/www.agriturismo-elba.it\/\">Agriturismo Amandolo Isola d&#8217;Elba &#8211; appartamenti, ristorante (agriturismo-elba.it)<\/a> <\/p>\n\n\n\n<figure class=\"wp-block-image\"><img loading=\"lazy\" decoding=\"async\" width=\"1024\" height=\"416\" src=\"http:\/\/www.villagesnc.it\/wp-content\/uploads\/2021\/10\/amandolo-casale-1024x416.jpg\" alt=\"\" class=\"wp-image-872\" srcset=\"https:\/\/www.villagesnc.it\/wp-content\/uploads\/2021\/10\/amandolo-casale-1024x416.jpg 1024w, https:\/\/www.villagesnc.it\/wp-content\/uploads\/2021\/10\/amandolo-casale-350x142.jpg 350w, https:\/\/www.villagesnc.it\/wp-content\/uploads\/2021\/10\/amandolo-casale-300x122.jpg 300w, https:\/\/www.villagesnc.it\/wp-content\/uploads\/2021\/10\/amandolo-casale-768x312.jpg 768w, https:\/\/www.villagesnc.it\/wp-content\/uploads\/2021\/10\/amandolo-casale.jpg 1920w\" sizes=\"auto, (max-width: 767px) 89vw, (max-width: 1000px) 54vw, (max-width: 1071px) 543px, 580px\" \/><figcaption>Agriturismo Amandolo,uno dei casali.<\/figcaption><\/figure>\n\n\n\n<figure class=\"wp-block-image\"><img loading=\"lazy\" decoding=\"async\" width=\"727\" height=\"545\" src=\"http:\/\/www.villagesnc.it\/wp-content\/uploads\/2021\/10\/IMG20210818130605.jpg\" alt=\"\" class=\"wp-image-887\" srcset=\"https:\/\/www.villagesnc.it\/wp-content\/uploads\/2021\/10\/IMG20210818130605.jpg 727w, https:\/\/www.villagesnc.it\/wp-content\/uploads\/2021\/10\/IMG20210818130605-350x262.jpg 350w, https:\/\/www.villagesnc.it\/wp-content\/uploads\/2021\/10\/IMG20210818130605-300x225.jpg 300w\" sizes=\"auto, (max-width: 727px) 100vw, 727px\" \/><\/figure>\n\n\n\n<figure class=\"wp-block-image\"><img loading=\"lazy\" decoding=\"async\" width=\"727\" height=\"545\" src=\"http:\/\/www.villagesnc.it\/wp-content\/uploads\/2021\/10\/IMG20210821070134.jpg\" alt=\"\" class=\"wp-image-881\" srcset=\"https:\/\/www.villagesnc.it\/wp-content\/uploads\/2021\/10\/IMG20210821070134.jpg 727w, https:\/\/www.villagesnc.it\/wp-content\/uploads\/2021\/10\/IMG20210821070134-350x262.jpg 350w, https:\/\/www.villagesnc.it\/wp-content\/uploads\/2021\/10\/IMG20210821070134-300x225.jpg 300w\" sizes=\"auto, (max-width: 727px) 100vw, 727px\" \/><figcaption>Nonostante la tardiva prenotazione del soggiorno in Amandolo,<br>Alessandro e&#8217; riuscito comunque a riservarci l&#8217;ultimo mini appartamento rimasto.<\/figcaption><\/figure>\n\n\n\n<figure class=\"wp-block-image\"><img decoding=\"async\" src=\"http:\/\/www.villagesnc.it\/wp-content\/uploads\/2021\/10\/IMG20210818200133.jpg\" alt=\"\" class=\"wp-image-891\"\/><figcaption>Quando non si era a pranzo o cena fuori, abbiamo sempre organizzato apparecchiando davanti al nostro residence e vista mare&#8230;meraviglioso.<\/figcaption><\/figure>\n\n\n\n<figure class=\"wp-block-image\"><img loading=\"lazy\" decoding=\"async\" width=\"727\" height=\"545\" src=\"http:\/\/www.villagesnc.it\/wp-content\/uploads\/2021\/10\/IMG202108182048202.jpg\" alt=\"\" class=\"wp-image-892\" srcset=\"https:\/\/www.villagesnc.it\/wp-content\/uploads\/2021\/10\/IMG202108182048202.jpg 727w, https:\/\/www.villagesnc.it\/wp-content\/uploads\/2021\/10\/IMG202108182048202-350x262.jpg 350w, https:\/\/www.villagesnc.it\/wp-content\/uploads\/2021\/10\/IMG202108182048202-300x225.jpg 300w\" sizes=\"auto, (max-width: 727px) 100vw, 727px\" \/><\/figure>\n\n\n\n<figure class=\"wp-block-image\"><img loading=\"lazy\" decoding=\"async\" width=\"727\" height=\"545\" src=\"http:\/\/www.villagesnc.it\/wp-content\/uploads\/2021\/10\/IMG20210818204804-1.jpg\" alt=\"\" class=\"wp-image-890\" srcset=\"https:\/\/www.villagesnc.it\/wp-content\/uploads\/2021\/10\/IMG20210818204804-1.jpg 727w, https:\/\/www.villagesnc.it\/wp-content\/uploads\/2021\/10\/IMG20210818204804-1-350x262.jpg 350w, https:\/\/www.villagesnc.it\/wp-content\/uploads\/2021\/10\/IMG20210818204804-1-300x225.jpg 300w\" sizes=\"auto, (max-width: 727px) 100vw, 727px\" \/><\/figure>\n\n\n\n<figure class=\"wp-block-image\"><img loading=\"lazy\" decoding=\"async\" width=\"727\" height=\"545\" src=\"http:\/\/www.villagesnc.it\/wp-content\/uploads\/2021\/10\/IMG20210818204804.jpg\" alt=\"\" class=\"wp-image-889\" srcset=\"https:\/\/www.villagesnc.it\/wp-content\/uploads\/2021\/10\/IMG20210818204804.jpg 727w, https:\/\/www.villagesnc.it\/wp-content\/uploads\/2021\/10\/IMG20210818204804-350x262.jpg 350w, https:\/\/www.villagesnc.it\/wp-content\/uploads\/2021\/10\/IMG20210818204804-300x225.jpg 300w\" sizes=\"auto, (max-width: 727px) 100vw, 727px\" \/><\/figure>\n\n\n\n<figure class=\"wp-block-image is-resized\"><img loading=\"lazy\" decoding=\"async\" src=\"http:\/\/www.villagesnc.it\/wp-content\/uploads\/2021\/10\/IMG20210821070103.jpg\" alt=\"\" class=\"wp-image-882\" width=\"583\" height=\"777\" srcset=\"https:\/\/www.villagesnc.it\/wp-content\/uploads\/2021\/10\/IMG20210821070103.jpg 409w, https:\/\/www.villagesnc.it\/wp-content\/uploads\/2021\/10\/IMG20210821070103-350x466.jpg 350w, https:\/\/www.villagesnc.it\/wp-content\/uploads\/2021\/10\/IMG20210821070103-225x300.jpg 225w\" sizes=\"auto, (max-width: 583px) 100vw, 583px\" \/><\/figure>\n\n\n\n<figure class=\"wp-block-image is-resized\"><img loading=\"lazy\" decoding=\"async\" src=\"http:\/\/www.villagesnc.it\/wp-content\/uploads\/2021\/10\/IMG20210815090803.jpg\" alt=\"\" class=\"wp-image-883\" width=\"587\" height=\"782\" srcset=\"https:\/\/www.villagesnc.it\/wp-content\/uploads\/2021\/10\/IMG20210815090803.jpg 409w, https:\/\/www.villagesnc.it\/wp-content\/uploads\/2021\/10\/IMG20210815090803-350x466.jpg 350w, https:\/\/www.villagesnc.it\/wp-content\/uploads\/2021\/10\/IMG20210815090803-225x300.jpg 225w\" sizes=\"auto, (max-width: 587px) 100vw, 587px\" \/><\/figure>\n\n\n\n<figure class=\"wp-block-image is-resized\"><img loading=\"lazy\" decoding=\"async\" src=\"http:\/\/www.villagesnc.it\/wp-content\/uploads\/2021\/10\/IMG20210815090810.jpg\" alt=\"\" class=\"wp-image-884\" width=\"586\" height=\"781\" srcset=\"https:\/\/www.villagesnc.it\/wp-content\/uploads\/2021\/10\/IMG20210815090810.jpg 409w, https:\/\/www.villagesnc.it\/wp-content\/uploads\/2021\/10\/IMG20210815090810-350x466.jpg 350w, https:\/\/www.villagesnc.it\/wp-content\/uploads\/2021\/10\/IMG20210815090810-225x300.jpg 225w\" sizes=\"auto, (max-width: 586px) 100vw, 586px\" \/><\/figure>\n\n\n\n<figure class=\"wp-block-image\"><img decoding=\"async\" src=\"http:\/\/www.villagesnc.it\/wp-content\/uploads\/2021\/10\/IMG20210815210631-1.jpg\" alt=\"\" class=\"wp-image-874\"\/><figcaption>Agriturismo Amandolo:Ristorante Panoramico con deor.<\/figcaption><\/figure>\n\n\n\n<figure class=\"wp-block-image\"><img loading=\"lazy\" decoding=\"async\" width=\"727\" height=\"545\" src=\"http:\/\/www.villagesnc.it\/wp-content\/uploads\/2021\/10\/IMG20210815200041.jpg\" alt=\"\" class=\"wp-image-875\" srcset=\"https:\/\/www.villagesnc.it\/wp-content\/uploads\/2021\/10\/IMG20210815200041.jpg 727w, https:\/\/www.villagesnc.it\/wp-content\/uploads\/2021\/10\/IMG20210815200041-350x262.jpg 350w, https:\/\/www.villagesnc.it\/wp-content\/uploads\/2021\/10\/IMG20210815200041-300x225.jpg 300w\" sizes=\"auto, (max-width: 727px) 100vw, 727px\" \/><figcaption>Cena di Ferragosto,  tet a tet ,  in tavolo da due al ristorante Amandolo&#8230;serata suggestiva vista mare al tramonto con ottimo men\u00f9 a base di pesce e sottofondo musicale jazz vintage<br>dal vivo, fortemente consigliato da Alessandro cosi come il risultato della serata, piacevolissima e senza attese nonostante il tutto esaurito&#8230;.si, perch\u00e8 ,dovete sapere, che questo ristorante \u00e8 molto rinomato anche per la gente del posto. Ristorante Amandolo tutto ok .<br><\/figcaption><\/figure>\n\n\n\n<figure class=\"wp-block-image\"><img loading=\"lazy\" decoding=\"async\" width=\"727\" height=\"545\" src=\"http:\/\/www.villagesnc.it\/wp-content\/uploads\/2021\/10\/IMG20210815204936.jpg\" alt=\"\" class=\"wp-image-886\" srcset=\"https:\/\/www.villagesnc.it\/wp-content\/uploads\/2021\/10\/IMG20210815204936.jpg 727w, https:\/\/www.villagesnc.it\/wp-content\/uploads\/2021\/10\/IMG20210815204936-350x262.jpg 350w, https:\/\/www.villagesnc.it\/wp-content\/uploads\/2021\/10\/IMG20210815204936-300x225.jpg 300w\" sizes=\"auto, (max-width: 727px) 100vw, 727px\" \/><\/figure>\n\n\n\n<figure class=\"wp-block-image\"><img loading=\"lazy\" decoding=\"async\" width=\"727\" height=\"545\" src=\"http:\/\/www.villagesnc.it\/wp-content\/uploads\/2021\/10\/IMG20210820211811.jpg\" alt=\"\" class=\"wp-image-879\" srcset=\"https:\/\/www.villagesnc.it\/wp-content\/uploads\/2021\/10\/IMG20210820211811.jpg 727w, https:\/\/www.villagesnc.it\/wp-content\/uploads\/2021\/10\/IMG20210820211811-350x262.jpg 350w, https:\/\/www.villagesnc.it\/wp-content\/uploads\/2021\/10\/IMG20210820211811-300x225.jpg 300w\" sizes=\"auto, (max-width: 727px) 100vw, 727px\" \/><\/figure>\n\n\n\n<figure class=\"wp-block-image\"><img loading=\"lazy\" decoding=\"async\" width=\"727\" height=\"545\" src=\"http:\/\/www.villagesnc.it\/wp-content\/uploads\/2021\/10\/IMG20210820213151.jpg\" alt=\"\" class=\"wp-image-880\" srcset=\"https:\/\/www.villagesnc.it\/wp-content\/uploads\/2021\/10\/IMG20210820213151.jpg 727w, https:\/\/www.villagesnc.it\/wp-content\/uploads\/2021\/10\/IMG20210820213151-350x262.jpg 350w, https:\/\/www.villagesnc.it\/wp-content\/uploads\/2021\/10\/IMG20210820213151-300x225.jpg 300w\" sizes=\"auto, (max-width: 727px) 100vw, 727px\" \/><figcaption>Durante le cene, ad un certo punto,si autoinvita Gianni,un bel esemplare di cinghiale adulto che sbucando dalla folta vegetazione ed al di la della rete di protezione, reclama il suo spuntino, tozzi di pane lanciati dai bambini e non, accorsi curiosi vicino alla rete di protezione. La rete di protezione e&#8217; per la gente al ristorante perch\u00e8  Gianni \u00e8 libero e allo stato brado.<br><\/figcaption><\/figure>\n\n\n\n<figure class=\"wp-block-image\"><img loading=\"lazy\" decoding=\"async\" width=\"727\" height=\"545\" src=\"http:\/\/www.villagesnc.it\/wp-content\/uploads\/2021\/10\/IMG20210818183528.jpg\" alt=\"\" class=\"wp-image-893\" srcset=\"https:\/\/www.villagesnc.it\/wp-content\/uploads\/2021\/10\/IMG20210818183528.jpg 727w, https:\/\/www.villagesnc.it\/wp-content\/uploads\/2021\/10\/IMG20210818183528-350x262.jpg 350w, https:\/\/www.villagesnc.it\/wp-content\/uploads\/2021\/10\/IMG20210818183528-300x225.jpg 300w\" sizes=\"auto, (max-width: 727px) 100vw, 727px\" \/><figcaption>Il Somarello detto il professore&#8230;.la gioia dei bambini.<\/figcaption><\/figure>\n\n\n\n<figure class=\"wp-block-image\"><img loading=\"lazy\" decoding=\"async\" width=\"727\" height=\"545\" src=\"http:\/\/www.villagesnc.it\/wp-content\/uploads\/2021\/10\/IMG20210815194849.jpg\" alt=\"\" class=\"wp-image-898\" srcset=\"https:\/\/www.villagesnc.it\/wp-content\/uploads\/2021\/10\/IMG20210815194849.jpg 727w, https:\/\/www.villagesnc.it\/wp-content\/uploads\/2021\/10\/IMG20210815194849-350x262.jpg 350w, https:\/\/www.villagesnc.it\/wp-content\/uploads\/2021\/10\/IMG20210815194849-300x225.jpg 300w\" sizes=\"auto, (max-width: 727px) 100vw, 727px\" \/><\/figure>\n\n\n\n<figure class=\"wp-block-image\"><img loading=\"lazy\" decoding=\"async\" width=\"727\" height=\"545\" src=\"http:\/\/www.villagesnc.it\/wp-content\/uploads\/2021\/10\/IMG20210818113105.jpg\" alt=\"\" class=\"wp-image-888\" srcset=\"https:\/\/www.villagesnc.it\/wp-content\/uploads\/2021\/10\/IMG20210818113105.jpg 727w, https:\/\/www.villagesnc.it\/wp-content\/uploads\/2021\/10\/IMG20210818113105-350x262.jpg 350w, https:\/\/www.villagesnc.it\/wp-content\/uploads\/2021\/10\/IMG20210818113105-300x225.jpg 300w\" sizes=\"auto, (max-width: 727px) 100vw, 727px\" \/><\/figure>\n\n\n\n<div class=\"wp-block-image\"><figure class=\"alignright is-resized\"><img loading=\"lazy\" decoding=\"async\" src=\"http:\/\/www.villagesnc.it\/wp-content\/uploads\/2021\/10\/images.jpg\" alt=\"\" class=\"wp-image-877\" width=\"63\" height=\"63\" srcset=\"https:\/\/www.villagesnc.it\/wp-content\/uploads\/2021\/10\/images.jpg 225w, https:\/\/www.villagesnc.it\/wp-content\/uploads\/2021\/10\/images-100x100.jpg 100w, https:\/\/www.villagesnc.it\/wp-content\/uploads\/2021\/10\/images-150x150.jpg 150w\" sizes=\"auto, (max-width: 63px) 100vw, 63px\" \/><\/figure><\/div>\n\n\n\n<figure class=\"wp-block-image is-resized\"><img loading=\"lazy\" decoding=\"async\" src=\"http:\/\/www.villagesnc.it\/wp-content\/uploads\/2021\/10\/IMG20210815155136.jpg\" alt=\"\" class=\"wp-image-885\" width=\"589\" height=\"785\" srcset=\"https:\/\/www.villagesnc.it\/wp-content\/uploads\/2021\/10\/IMG20210815155136.jpg 409w, https:\/\/www.villagesnc.it\/wp-content\/uploads\/2021\/10\/IMG20210815155136-350x466.jpg 350w, https:\/\/www.villagesnc.it\/wp-content\/uploads\/2021\/10\/IMG20210815155136-225x300.jpg 225w\" sizes=\"auto, (max-width: 589px) 100vw, 589px\" \/><figcaption>A pochi metri dalla nostra sistemazione, inizia un sentiero in mezzo al bosco ,in genere lecci,<br>mediante il quale si accede a due suggestive piccole baie molto naturali dove l&#8217;unico servizio \u00e8 rappresentato da alcune indicazioni, durante il sentiero e qualche gradino scavato nella roccia.<\/figcaption><\/figure>\n\n\n\n<figure class=\"wp-block-image\"><img loading=\"lazy\" decoding=\"async\" width=\"727\" height=\"545\" src=\"http:\/\/www.villagesnc.it\/wp-content\/uploads\/2021\/10\/IMG20210820120411.jpg\" alt=\"\" class=\"wp-image-895\" srcset=\"https:\/\/www.villagesnc.it\/wp-content\/uploads\/2021\/10\/IMG20210820120411.jpg 727w, https:\/\/www.villagesnc.it\/wp-content\/uploads\/2021\/10\/IMG20210820120411-350x262.jpg 350w, https:\/\/www.villagesnc.it\/wp-content\/uploads\/2021\/10\/IMG20210820120411-300x225.jpg 300w\" sizes=\"auto, (max-width: 727px) 100vw, 727px\" \/><\/figure>\n\n\n\n<figure class=\"wp-block-image\"><img loading=\"lazy\" decoding=\"async\" width=\"727\" height=\"545\" src=\"http:\/\/www.villagesnc.it\/wp-content\/uploads\/2021\/10\/IMG20210820120408.jpg\" alt=\"\" class=\"wp-image-896\" srcset=\"https:\/\/www.villagesnc.it\/wp-content\/uploads\/2021\/10\/IMG20210820120408.jpg 727w, https:\/\/www.villagesnc.it\/wp-content\/uploads\/2021\/10\/IMG20210820120408-350x262.jpg 350w, https:\/\/www.villagesnc.it\/wp-content\/uploads\/2021\/10\/IMG20210820120408-300x225.jpg 300w\" sizes=\"auto, (max-width: 727px) 100vw, 727px\" \/><\/figure>\n\n\n\n<figure class=\"wp-block-image\"><img loading=\"lazy\" decoding=\"async\" width=\"727\" height=\"545\" src=\"http:\/\/www.villagesnc.it\/wp-content\/uploads\/2021\/10\/IMG20210820120414-2.jpg\" alt=\"\" class=\"wp-image-910\" srcset=\"https:\/\/www.villagesnc.it\/wp-content\/uploads\/2021\/10\/IMG20210820120414-2.jpg 727w, https:\/\/www.villagesnc.it\/wp-content\/uploads\/2021\/10\/IMG20210820120414-2-350x262.jpg 350w, https:\/\/www.villagesnc.it\/wp-content\/uploads\/2021\/10\/IMG20210820120414-2-300x225.jpg 300w\" sizes=\"auto, (max-width: 727px) 100vw, 727px\" \/><\/figure>\n\n\n\n<figure class=\"wp-block-image\"><img loading=\"lazy\" decoding=\"async\" width=\"727\" height=\"545\" src=\"http:\/\/www.villagesnc.it\/wp-content\/uploads\/2021\/10\/IMG20210818130605-1.jpg\" alt=\"\" class=\"wp-image-900\" srcset=\"https:\/\/www.villagesnc.it\/wp-content\/uploads\/2021\/10\/IMG20210818130605-1.jpg 727w, https:\/\/www.villagesnc.it\/wp-content\/uploads\/2021\/10\/IMG20210818130605-1-350x262.jpg 350w, https:\/\/www.villagesnc.it\/wp-content\/uploads\/2021\/10\/IMG20210818130605-1-300x225.jpg 300w\" sizes=\"auto, (max-width: 727px) 100vw, 727px\" \/><\/figure>\n\n\n\n<figure class=\"wp-block-image\"><img loading=\"lazy\" decoding=\"async\" width=\"727\" height=\"545\" src=\"http:\/\/www.villagesnc.it\/wp-content\/uploads\/2021\/10\/IMG20210818150334.jpg\" alt=\"\" class=\"wp-image-901\" srcset=\"https:\/\/www.villagesnc.it\/wp-content\/uploads\/2021\/10\/IMG20210818150334.jpg 727w, https:\/\/www.villagesnc.it\/wp-content\/uploads\/2021\/10\/IMG20210818150334-350x262.jpg 350w, https:\/\/www.villagesnc.it\/wp-content\/uploads\/2021\/10\/IMG20210818150334-300x225.jpg 300w\" sizes=\"auto, (max-width: 727px) 100vw, 727px\" \/><\/figure>\n\n\n\n<figure class=\"wp-block-image\"><img loading=\"lazy\" decoding=\"async\" width=\"727\" height=\"545\" src=\"http:\/\/www.villagesnc.it\/wp-content\/uploads\/2021\/10\/IMG20210819091721.jpg\" alt=\"\" class=\"wp-image-902\" srcset=\"https:\/\/www.villagesnc.it\/wp-content\/uploads\/2021\/10\/IMG20210819091721.jpg 727w, https:\/\/www.villagesnc.it\/wp-content\/uploads\/2021\/10\/IMG20210819091721-350x262.jpg 350w, https:\/\/www.villagesnc.it\/wp-content\/uploads\/2021\/10\/IMG20210819091721-300x225.jpg 300w\" sizes=\"auto, (max-width: 727px) 100vw, 727px\" \/><figcaption>Elba: Porto Azzurro<\/figcaption><\/figure>\n\n\n\n<figure class=\"wp-block-image\"><img loading=\"lazy\" decoding=\"async\" width=\"727\" height=\"545\" src=\"http:\/\/www.villagesnc.it\/wp-content\/uploads\/2021\/10\/IMG20210819091734.jpg\" alt=\"\" class=\"wp-image-903\" srcset=\"https:\/\/www.villagesnc.it\/wp-content\/uploads\/2021\/10\/IMG20210819091734.jpg 727w, https:\/\/www.villagesnc.it\/wp-content\/uploads\/2021\/10\/IMG20210819091734-350x262.jpg 350w, https:\/\/www.villagesnc.it\/wp-content\/uploads\/2021\/10\/IMG20210819091734-300x225.jpg 300w\" sizes=\"auto, (max-width: 727px) 100vw, 727px\" \/><\/figure>\n\n\n\n<figure class=\"wp-block-image\"><img loading=\"lazy\" decoding=\"async\" width=\"727\" height=\"545\" src=\"http:\/\/www.villagesnc.it\/wp-content\/uploads\/2021\/10\/IMG20210819094247.jpg\" alt=\"\" class=\"wp-image-904\" srcset=\"https:\/\/www.villagesnc.it\/wp-content\/uploads\/2021\/10\/IMG20210819094247.jpg 727w, https:\/\/www.villagesnc.it\/wp-content\/uploads\/2021\/10\/IMG20210819094247-350x262.jpg 350w, https:\/\/www.villagesnc.it\/wp-content\/uploads\/2021\/10\/IMG20210819094247-300x225.jpg 300w\" sizes=\"auto, (max-width: 727px) 100vw, 727px\" \/><\/figure>\n\n\n\n<figure class=\"wp-block-image\"><img loading=\"lazy\" decoding=\"async\" width=\"727\" height=\"545\" src=\"http:\/\/www.villagesnc.it\/wp-content\/uploads\/2021\/10\/IMG20210819094254.jpg\" alt=\"\" class=\"wp-image-905\" srcset=\"https:\/\/www.villagesnc.it\/wp-content\/uploads\/2021\/10\/IMG20210819094254.jpg 727w, https:\/\/www.villagesnc.it\/wp-content\/uploads\/2021\/10\/IMG20210819094254-350x262.jpg 350w, https:\/\/www.villagesnc.it\/wp-content\/uploads\/2021\/10\/IMG20210819094254-300x225.jpg 300w\" sizes=\"auto, (max-width: 727px) 100vw, 727px\" \/><\/figure>\n\n\n\n<figure class=\"wp-block-image\"><img loading=\"lazy\" decoding=\"async\" width=\"727\" height=\"545\" src=\"http:\/\/www.villagesnc.it\/wp-content\/uploads\/2021\/10\/IMG20210819094256.jpg\" alt=\"\" class=\"wp-image-906\" srcset=\"https:\/\/www.villagesnc.it\/wp-content\/uploads\/2021\/10\/IMG20210819094256.jpg 727w, https:\/\/www.villagesnc.it\/wp-content\/uploads\/2021\/10\/IMG20210819094256-350x262.jpg 350w, https:\/\/www.villagesnc.it\/wp-content\/uploads\/2021\/10\/IMG20210819094256-300x225.jpg 300w\" sizes=\"auto, (max-width: 727px) 100vw, 727px\" \/><\/figure>\n\n\n\n<figure class=\"wp-block-image\"><img loading=\"lazy\" decoding=\"async\" width=\"727\" height=\"545\" src=\"http:\/\/www.villagesnc.it\/wp-content\/uploads\/2021\/10\/IMG20210819102115.jpg\" alt=\"\" class=\"wp-image-907\" srcset=\"https:\/\/www.villagesnc.it\/wp-content\/uploads\/2021\/10\/IMG20210819102115.jpg 727w, https:\/\/www.villagesnc.it\/wp-content\/uploads\/2021\/10\/IMG20210819102115-350x262.jpg 350w, https:\/\/www.villagesnc.it\/wp-content\/uploads\/2021\/10\/IMG20210819102115-300x225.jpg 300w\" sizes=\"auto, (max-width: 727px) 100vw, 727px\" \/><\/figure>\n\n\n\n<figure class=\"wp-block-image\"><img loading=\"lazy\" decoding=\"async\" width=\"727\" height=\"545\" src=\"http:\/\/www.villagesnc.it\/wp-content\/uploads\/2021\/10\/IMG20210819204356.jpg\" alt=\"\" class=\"wp-image-909\" srcset=\"https:\/\/www.villagesnc.it\/wp-content\/uploads\/2021\/10\/IMG20210819204356.jpg 727w, https:\/\/www.villagesnc.it\/wp-content\/uploads\/2021\/10\/IMG20210819204356-350x262.jpg 350w, https:\/\/www.villagesnc.it\/wp-content\/uploads\/2021\/10\/IMG20210819204356-300x225.jpg 300w\" sizes=\"auto, (max-width: 727px) 100vw, 727px\" \/><figcaption>Ristorante sul lungomare di Cavo<\/figcaption><\/figure>\n\n\n\n<figure class=\"wp-block-image\"><img loading=\"lazy\" decoding=\"async\" width=\"727\" height=\"545\" src=\"http:\/\/www.villagesnc.it\/wp-content\/uploads\/2021\/10\/IMG20210821105146.jpg\" alt=\"\" class=\"wp-image-911\" srcset=\"https:\/\/www.villagesnc.it\/wp-content\/uploads\/2021\/10\/IMG20210821105146.jpg 727w, https:\/\/www.villagesnc.it\/wp-content\/uploads\/2021\/10\/IMG20210821105146-350x262.jpg 350w, https:\/\/www.villagesnc.it\/wp-content\/uploads\/2021\/10\/IMG20210821105146-300x225.jpg 300w\" sizes=\"auto, (max-width: 727px) 100vw, 727px\" \/><figcaption>Lungomare di Cavo<\/figcaption><\/figure>\n\n\n\n<figure class=\"wp-block-image\"><img loading=\"lazy\" decoding=\"async\" width=\"727\" height=\"545\" src=\"http:\/\/www.villagesnc.it\/wp-content\/uploads\/2021\/10\/IMG20210812104954.jpg\" alt=\"\" class=\"wp-image-912\" srcset=\"https:\/\/www.villagesnc.it\/wp-content\/uploads\/2021\/10\/IMG20210812104954.jpg 727w, https:\/\/www.villagesnc.it\/wp-content\/uploads\/2021\/10\/IMG20210812104954-350x262.jpg 350w, https:\/\/www.villagesnc.it\/wp-content\/uploads\/2021\/10\/IMG20210812104954-300x225.jpg 300w\" sizes=\"auto, (max-width: 727px) 100vw, 727px\" \/><\/figure>\n\n\n\n<div class=\"wp-block-image\"><figure class=\"alignright is-resized\"><img loading=\"lazy\" decoding=\"async\" src=\"http:\/\/www.villagesnc.it\/wp-content\/uploads\/2021\/10\/download-1.jpg\" alt=\"\" class=\"wp-image-936\" width=\"55\" height=\"44\"\/><\/figure><\/div>\n\n\n\n<figure class=\"wp-block-gallery columns-3 is-cropped wp-block-gallery-2 is-layout-flex wp-block-gallery-is-layout-flex\"><ul class=\"blocks-gallery-grid\"><li class=\"blocks-gallery-item\"><figure><img loading=\"lazy\" decoding=\"async\" width=\"727\" height=\"545\" src=\"http:\/\/www.villagesnc.it\/wp-content\/uploads\/2021\/10\/IMG20210817113111.jpg\" alt=\"\" data-id=\"915\" data-link=\"http:\/\/www.villagesnc.it\/pacchetti-viaggio-t-o-vari\/offerta-euroterme\/vacanze-estive-2021toscana-via-del-chianti-tour-e-isola-delba\/img20210817113111\/\" class=\"wp-image-915\" srcset=\"https:\/\/www.villagesnc.it\/wp-content\/uploads\/2021\/10\/IMG20210817113111.jpg 727w, https:\/\/www.villagesnc.it\/wp-content\/uploads\/2021\/10\/IMG20210817113111-350x262.jpg 350w, https:\/\/www.villagesnc.it\/wp-content\/uploads\/2021\/10\/IMG20210817113111-300x225.jpg 300w\" sizes=\"auto, (max-width: 727px) 100vw, 727px\" \/><\/figure><\/li><li class=\"blocks-gallery-item\"><figure><img loading=\"lazy\" decoding=\"async\" width=\"727\" height=\"545\" src=\"http:\/\/www.villagesnc.it\/wp-content\/uploads\/2021\/10\/IMG20210817113213.jpg\" alt=\"\" data-id=\"916\" data-link=\"http:\/\/www.villagesnc.it\/pacchetti-viaggio-t-o-vari\/offerta-euroterme\/vacanze-estive-2021toscana-via-del-chianti-tour-e-isola-delba\/img20210817113213\/\" class=\"wp-image-916\" srcset=\"https:\/\/www.villagesnc.it\/wp-content\/uploads\/2021\/10\/IMG20210817113213.jpg 727w, https:\/\/www.villagesnc.it\/wp-content\/uploads\/2021\/10\/IMG20210817113213-350x262.jpg 350w, https:\/\/www.villagesnc.it\/wp-content\/uploads\/2021\/10\/IMG20210817113213-300x225.jpg 300w\" sizes=\"auto, (max-width: 727px) 100vw, 727px\" \/><\/figure><\/li><li class=\"blocks-gallery-item\"><figure><img loading=\"lazy\" decoding=\"async\" width=\"727\" height=\"545\" src=\"http:\/\/www.villagesnc.it\/wp-content\/uploads\/2021\/10\/IMG20210817113237.jpg\" alt=\"\" data-id=\"917\" data-link=\"http:\/\/www.villagesnc.it\/pacchetti-viaggio-t-o-vari\/offerta-euroterme\/vacanze-estive-2021toscana-via-del-chianti-tour-e-isola-delba\/img20210817113237\/\" class=\"wp-image-917\" srcset=\"https:\/\/www.villagesnc.it\/wp-content\/uploads\/2021\/10\/IMG20210817113237.jpg 727w, https:\/\/www.villagesnc.it\/wp-content\/uploads\/2021\/10\/IMG20210817113237-350x262.jpg 350w, https:\/\/www.villagesnc.it\/wp-content\/uploads\/2021\/10\/IMG20210817113237-300x225.jpg 300w\" sizes=\"auto, (max-width: 727px) 100vw, 727px\" \/><\/figure><\/li><li class=\"blocks-gallery-item\"><figure><img loading=\"lazy\" decoding=\"async\" width=\"727\" height=\"545\" src=\"http:\/\/www.villagesnc.it\/wp-content\/uploads\/2021\/10\/IMG20210817113240.jpg\" alt=\"\" data-id=\"918\" data-link=\"http:\/\/www.villagesnc.it\/pacchetti-viaggio-t-o-vari\/offerta-euroterme\/vacanze-estive-2021toscana-via-del-chianti-tour-e-isola-delba\/img20210817113240\/\" class=\"wp-image-918\" srcset=\"https:\/\/www.villagesnc.it\/wp-content\/uploads\/2021\/10\/IMG20210817113240.jpg 727w, https:\/\/www.villagesnc.it\/wp-content\/uploads\/2021\/10\/IMG20210817113240-350x262.jpg 350w, https:\/\/www.villagesnc.it\/wp-content\/uploads\/2021\/10\/IMG20210817113240-300x225.jpg 300w\" sizes=\"auto, (max-width: 727px) 100vw, 727px\" \/><\/figure><\/li><li class=\"blocks-gallery-item\"><figure><img loading=\"lazy\" decoding=\"async\" width=\"727\" height=\"545\" src=\"http:\/\/www.villagesnc.it\/wp-content\/uploads\/2021\/10\/IMG20210817115159.jpg\" alt=\"\" data-id=\"919\" data-link=\"http:\/\/www.villagesnc.it\/pacchetti-viaggio-t-o-vari\/offerta-euroterme\/vacanze-estive-2021toscana-via-del-chianti-tour-e-isola-delba\/img20210817115159\/\" class=\"wp-image-919\" srcset=\"https:\/\/www.villagesnc.it\/wp-content\/uploads\/2021\/10\/IMG20210817115159.jpg 727w, https:\/\/www.villagesnc.it\/wp-content\/uploads\/2021\/10\/IMG20210817115159-350x262.jpg 350w, https:\/\/www.villagesnc.it\/wp-content\/uploads\/2021\/10\/IMG20210817115159-300x225.jpg 300w\" sizes=\"auto, (max-width: 727px) 100vw, 727px\" \/><\/figure><\/li><li class=\"blocks-gallery-item\"><figure><img loading=\"lazy\" decoding=\"async\" width=\"727\" height=\"545\" src=\"http:\/\/www.villagesnc.it\/wp-content\/uploads\/2021\/10\/IMG20210817115202.jpg\" alt=\"\" data-id=\"920\" data-link=\"http:\/\/www.villagesnc.it\/pacchetti-viaggio-t-o-vari\/offerta-euroterme\/vacanze-estive-2021toscana-via-del-chianti-tour-e-isola-delba\/img20210817115202\/\" class=\"wp-image-920\" srcset=\"https:\/\/www.villagesnc.it\/wp-content\/uploads\/2021\/10\/IMG20210817115202.jpg 727w, https:\/\/www.villagesnc.it\/wp-content\/uploads\/2021\/10\/IMG20210817115202-350x262.jpg 350w, https:\/\/www.villagesnc.it\/wp-content\/uploads\/2021\/10\/IMG20210817115202-300x225.jpg 300w\" sizes=\"auto, (max-width: 727px) 100vw, 727px\" \/><\/figure><\/li><li class=\"blocks-gallery-item\"><figure><img loading=\"lazy\" decoding=\"async\" width=\"727\" height=\"545\" src=\"http:\/\/www.villagesnc.it\/wp-content\/uploads\/2021\/10\/IMG20210817115230.jpg\" alt=\"\" data-id=\"921\" data-link=\"http:\/\/www.villagesnc.it\/pacchetti-viaggio-t-o-vari\/offerta-euroterme\/vacanze-estive-2021toscana-via-del-chianti-tour-e-isola-delba\/img20210817115230\/\" class=\"wp-image-921\" srcset=\"https:\/\/www.villagesnc.it\/wp-content\/uploads\/2021\/10\/IMG20210817115230.jpg 727w, https:\/\/www.villagesnc.it\/wp-content\/uploads\/2021\/10\/IMG20210817115230-350x262.jpg 350w, https:\/\/www.villagesnc.it\/wp-content\/uploads\/2021\/10\/IMG20210817115230-300x225.jpg 300w\" sizes=\"auto, (max-width: 727px) 100vw, 727px\" \/><\/figure><\/li><li class=\"blocks-gallery-item\"><figure><img loading=\"lazy\" decoding=\"async\" width=\"727\" height=\"545\" src=\"http:\/\/www.villagesnc.it\/wp-content\/uploads\/2021\/10\/IMG20210817115306.jpg\" alt=\"\" data-id=\"922\" data-link=\"http:\/\/www.villagesnc.it\/pacchetti-viaggio-t-o-vari\/offerta-euroterme\/vacanze-estive-2021toscana-via-del-chianti-tour-e-isola-delba\/img20210817115306\/\" class=\"wp-image-922\" srcset=\"https:\/\/www.villagesnc.it\/wp-content\/uploads\/2021\/10\/IMG20210817115306.jpg 727w, https:\/\/www.villagesnc.it\/wp-content\/uploads\/2021\/10\/IMG20210817115306-350x262.jpg 350w, https:\/\/www.villagesnc.it\/wp-content\/uploads\/2021\/10\/IMG20210817115306-300x225.jpg 300w\" sizes=\"auto, (max-width: 727px) 100vw, 727px\" \/><\/figure><\/li><li class=\"blocks-gallery-item\"><figure><img loading=\"lazy\" decoding=\"async\" width=\"727\" height=\"545\" src=\"http:\/\/www.villagesnc.it\/wp-content\/uploads\/2021\/10\/IMG20210817130641.jpg\" alt=\"\" data-id=\"923\" data-link=\"http:\/\/www.villagesnc.it\/pacchetti-viaggio-t-o-vari\/offerta-euroterme\/vacanze-estive-2021toscana-via-del-chianti-tour-e-isola-delba\/img20210817130641\/\" class=\"wp-image-923\" srcset=\"https:\/\/www.villagesnc.it\/wp-content\/uploads\/2021\/10\/IMG20210817130641.jpg 727w, https:\/\/www.villagesnc.it\/wp-content\/uploads\/2021\/10\/IMG20210817130641-350x262.jpg 350w, https:\/\/www.villagesnc.it\/wp-content\/uploads\/2021\/10\/IMG20210817130641-300x225.jpg 300w\" sizes=\"auto, (max-width: 727px) 100vw, 727px\" \/><\/figure><\/li><li class=\"blocks-gallery-item\"><figure><img loading=\"lazy\" decoding=\"async\" width=\"727\" height=\"545\" src=\"http:\/\/www.villagesnc.it\/wp-content\/uploads\/2021\/10\/IMG20210817130717.jpg\" alt=\"\" data-id=\"924\" data-link=\"http:\/\/www.villagesnc.it\/pacchetti-viaggio-t-o-vari\/offerta-euroterme\/vacanze-estive-2021toscana-via-del-chianti-tour-e-isola-delba\/img20210817130717\/\" class=\"wp-image-924\" srcset=\"https:\/\/www.villagesnc.it\/wp-content\/uploads\/2021\/10\/IMG20210817130717.jpg 727w, https:\/\/www.villagesnc.it\/wp-content\/uploads\/2021\/10\/IMG20210817130717-350x262.jpg 350w, https:\/\/www.villagesnc.it\/wp-content\/uploads\/2021\/10\/IMG20210817130717-300x225.jpg 300w\" sizes=\"auto, (max-width: 727px) 100vw, 727px\" \/><\/figure><\/li><li class=\"blocks-gallery-item\"><figure><img loading=\"lazy\" decoding=\"async\" width=\"727\" height=\"545\" src=\"http:\/\/www.villagesnc.it\/wp-content\/uploads\/2021\/10\/IMG20210817130727.jpg\" alt=\"\" data-id=\"925\" data-link=\"http:\/\/www.villagesnc.it\/pacchetti-viaggio-t-o-vari\/offerta-euroterme\/vacanze-estive-2021toscana-via-del-chianti-tour-e-isola-delba\/img20210817130727\/\" class=\"wp-image-925\" srcset=\"https:\/\/www.villagesnc.it\/wp-content\/uploads\/2021\/10\/IMG20210817130727.jpg 727w, https:\/\/www.villagesnc.it\/wp-content\/uploads\/2021\/10\/IMG20210817130727-350x262.jpg 350w, https:\/\/www.villagesnc.it\/wp-content\/uploads\/2021\/10\/IMG20210817130727-300x225.jpg 300w\" sizes=\"auto, (max-width: 727px) 100vw, 727px\" \/><\/figure><\/li><li class=\"blocks-gallery-item\"><figure><img loading=\"lazy\" decoding=\"async\" width=\"727\" height=\"545\" src=\"http:\/\/www.villagesnc.it\/wp-content\/uploads\/2021\/10\/IMG20210817152116.jpg\" alt=\"\" data-id=\"926\" data-link=\"http:\/\/www.villagesnc.it\/pacchetti-viaggio-t-o-vari\/offerta-euroterme\/vacanze-estive-2021toscana-via-del-chianti-tour-e-isola-delba\/img20210817152116\/\" class=\"wp-image-926\" srcset=\"https:\/\/www.villagesnc.it\/wp-content\/uploads\/2021\/10\/IMG20210817152116.jpg 727w, https:\/\/www.villagesnc.it\/wp-content\/uploads\/2021\/10\/IMG20210817152116-350x262.jpg 350w, https:\/\/www.villagesnc.it\/wp-content\/uploads\/2021\/10\/IMG20210817152116-300x225.jpg 300w\" sizes=\"auto, (max-width: 727px) 100vw, 727px\" \/><\/figure><\/li><li class=\"blocks-gallery-item\"><figure><img loading=\"lazy\" decoding=\"async\" width=\"727\" height=\"545\" src=\"http:\/\/www.villagesnc.it\/wp-content\/uploads\/2021\/10\/IMG20210817154125.jpg\" alt=\"\" data-id=\"927\" data-link=\"http:\/\/www.villagesnc.it\/pacchetti-viaggio-t-o-vari\/offerta-euroterme\/vacanze-estive-2021toscana-via-del-chianti-tour-e-isola-delba\/img20210817154125\/\" class=\"wp-image-927\" srcset=\"https:\/\/www.villagesnc.it\/wp-content\/uploads\/2021\/10\/IMG20210817154125.jpg 727w, https:\/\/www.villagesnc.it\/wp-content\/uploads\/2021\/10\/IMG20210817154125-350x262.jpg 350w, https:\/\/www.villagesnc.it\/wp-content\/uploads\/2021\/10\/IMG20210817154125-300x225.jpg 300w\" sizes=\"auto, (max-width: 727px) 100vw, 727px\" \/><\/figure><\/li><li class=\"blocks-gallery-item\"><figure><img loading=\"lazy\" decoding=\"async\" width=\"727\" height=\"545\" src=\"http:\/\/www.villagesnc.it\/wp-content\/uploads\/2021\/10\/IMG20210817154913.jpg\" alt=\"\" data-id=\"928\" data-link=\"http:\/\/www.villagesnc.it\/pacchetti-viaggio-t-o-vari\/offerta-euroterme\/vacanze-estive-2021toscana-via-del-chianti-tour-e-isola-delba\/img20210817154913\/\" class=\"wp-image-928\" srcset=\"https:\/\/www.villagesnc.it\/wp-content\/uploads\/2021\/10\/IMG20210817154913.jpg 727w, https:\/\/www.villagesnc.it\/wp-content\/uploads\/2021\/10\/IMG20210817154913-350x262.jpg 350w, https:\/\/www.villagesnc.it\/wp-content\/uploads\/2021\/10\/IMG20210817154913-300x225.jpg 300w\" sizes=\"auto, (max-width: 727px) 100vw, 727px\" \/><\/figure><\/li><li class=\"blocks-gallery-item\"><figure><img loading=\"lazy\" decoding=\"async\" width=\"727\" height=\"545\" src=\"http:\/\/www.villagesnc.it\/wp-content\/uploads\/2021\/10\/IMG20210817162348.jpg\" alt=\"\" data-id=\"929\" data-link=\"http:\/\/www.villagesnc.it\/pacchetti-viaggio-t-o-vari\/offerta-euroterme\/vacanze-estive-2021toscana-via-del-chianti-tour-e-isola-delba\/img20210817162348\/\" class=\"wp-image-929\" srcset=\"https:\/\/www.villagesnc.it\/wp-content\/uploads\/2021\/10\/IMG20210817162348.jpg 727w, https:\/\/www.villagesnc.it\/wp-content\/uploads\/2021\/10\/IMG20210817162348-350x262.jpg 350w, https:\/\/www.villagesnc.it\/wp-content\/uploads\/2021\/10\/IMG20210817162348-300x225.jpg 300w\" sizes=\"auto, (max-width: 727px) 100vw, 727px\" \/><\/figure><\/li><li class=\"blocks-gallery-item\"><figure><img loading=\"lazy\" decoding=\"async\" width=\"727\" height=\"545\" src=\"http:\/\/www.villagesnc.it\/wp-content\/uploads\/2021\/10\/IMG20210817162723.jpg\" alt=\"\" data-id=\"930\" data-link=\"http:\/\/www.villagesnc.it\/pacchetti-viaggio-t-o-vari\/offerta-euroterme\/vacanze-estive-2021toscana-via-del-chianti-tour-e-isola-delba\/img20210817162723\/\" class=\"wp-image-930\" srcset=\"https:\/\/www.villagesnc.it\/wp-content\/uploads\/2021\/10\/IMG20210817162723.jpg 727w, https:\/\/www.villagesnc.it\/wp-content\/uploads\/2021\/10\/IMG20210817162723-350x262.jpg 350w, https:\/\/www.villagesnc.it\/wp-content\/uploads\/2021\/10\/IMG20210817162723-300x225.jpg 300w\" sizes=\"auto, (max-width: 727px) 100vw, 727px\" \/><\/figure><\/li><li class=\"blocks-gallery-item\"><figure><img loading=\"lazy\" decoding=\"async\" width=\"727\" height=\"545\" src=\"http:\/\/www.villagesnc.it\/wp-content\/uploads\/2021\/10\/IMG20210817174728.jpg\" alt=\"\" data-id=\"931\" data-link=\"http:\/\/www.villagesnc.it\/pacchetti-viaggio-t-o-vari\/offerta-euroterme\/vacanze-estive-2021toscana-via-del-chianti-tour-e-isola-delba\/img20210817174728\/\" class=\"wp-image-931\" srcset=\"https:\/\/www.villagesnc.it\/wp-content\/uploads\/2021\/10\/IMG20210817174728.jpg 727w, https:\/\/www.villagesnc.it\/wp-content\/uploads\/2021\/10\/IMG20210817174728-350x262.jpg 350w, https:\/\/www.villagesnc.it\/wp-content\/uploads\/2021\/10\/IMG20210817174728-300x225.jpg 300w\" sizes=\"auto, (max-width: 727px) 100vw, 727px\" \/><\/figure><\/li><li class=\"blocks-gallery-item\"><figure><img loading=\"lazy\" decoding=\"async\" width=\"727\" height=\"545\" src=\"http:\/\/www.villagesnc.it\/wp-content\/uploads\/2021\/10\/IMG20210817182356.jpg\" alt=\"\" data-id=\"932\" data-link=\"http:\/\/www.villagesnc.it\/pacchetti-viaggio-t-o-vari\/offerta-euroterme\/vacanze-estive-2021toscana-via-del-chianti-tour-e-isola-delba\/img20210817182356\/\" class=\"wp-image-932\" srcset=\"https:\/\/www.villagesnc.it\/wp-content\/uploads\/2021\/10\/IMG20210817182356.jpg 727w, https:\/\/www.villagesnc.it\/wp-content\/uploads\/2021\/10\/IMG20210817182356-350x262.jpg 350w, https:\/\/www.villagesnc.it\/wp-content\/uploads\/2021\/10\/IMG20210817182356-300x225.jpg 300w\" sizes=\"auto, (max-width: 727px) 100vw, 727px\" \/><\/figure><\/li><li class=\"blocks-gallery-item\"><figure><img loading=\"lazy\" decoding=\"async\" width=\"727\" height=\"545\" src=\"http:\/\/www.villagesnc.it\/wp-content\/uploads\/2021\/10\/IMG20210817182634.jpg\" alt=\"\" data-id=\"933\" data-link=\"http:\/\/www.villagesnc.it\/pacchetti-viaggio-t-o-vari\/offerta-euroterme\/vacanze-estive-2021toscana-via-del-chianti-tour-e-isola-delba\/img20210817182634\/\" class=\"wp-image-933\" srcset=\"https:\/\/www.villagesnc.it\/wp-content\/uploads\/2021\/10\/IMG20210817182634.jpg 727w, https:\/\/www.villagesnc.it\/wp-content\/uploads\/2021\/10\/IMG20210817182634-350x262.jpg 350w, https:\/\/www.villagesnc.it\/wp-content\/uploads\/2021\/10\/IMG20210817182634-300x225.jpg 300w\" sizes=\"auto, (max-width: 727px) 100vw, 727px\" \/><\/figure><\/li><li class=\"blocks-gallery-item\"><figure><img loading=\"lazy\" decoding=\"async\" width=\"727\" height=\"545\" src=\"http:\/\/www.villagesnc.it\/wp-content\/uploads\/2021\/10\/IMG20210818164158.jpg\" alt=\"\" data-id=\"934\" data-link=\"http:\/\/www.villagesnc.it\/pacchetti-viaggio-t-o-vari\/offerta-euroterme\/vacanze-estive-2021toscana-via-del-chianti-tour-e-isola-delba\/img20210818164158\/\" class=\"wp-image-934\" srcset=\"https:\/\/www.villagesnc.it\/wp-content\/uploads\/2021\/10\/IMG20210818164158.jpg 727w, https:\/\/www.villagesnc.it\/wp-content\/uploads\/2021\/10\/IMG20210818164158-350x262.jpg 350w, https:\/\/www.villagesnc.it\/wp-content\/uploads\/2021\/10\/IMG20210818164158-300x225.jpg 300w\" sizes=\"auto, (max-width: 727px) 100vw, 727px\" \/><\/figure><\/li><li class=\"blocks-gallery-item\"><figure><img loading=\"lazy\" decoding=\"async\" width=\"409\" height=\"545\" src=\"http:\/\/www.villagesnc.it\/wp-content\/uploads\/2021\/10\/IMG20210819112215.jpg\" alt=\"\" data-id=\"937\" data-link=\"http:\/\/www.villagesnc.it\/pacchetti-viaggio-t-o-vari\/offerta-euroterme\/vacanze-estive-2021toscana-via-del-chianti-tour-e-isola-delba\/img20210819112215\/\" class=\"wp-image-937\" srcset=\"https:\/\/www.villagesnc.it\/wp-content\/uploads\/2021\/10\/IMG20210819112215.jpg 409w, https:\/\/www.villagesnc.it\/wp-content\/uploads\/2021\/10\/IMG20210819112215-350x466.jpg 350w, https:\/\/www.villagesnc.it\/wp-content\/uploads\/2021\/10\/IMG20210819112215-225x300.jpg 225w\" sizes=\"auto, (max-width: 409px) 100vw, 409px\" \/><\/figure><\/li><li class=\"blocks-gallery-item\"><figure><img loading=\"lazy\" decoding=\"async\" width=\"727\" height=\"545\" src=\"http:\/\/www.villagesnc.it\/wp-content\/uploads\/2021\/10\/IMG20210819110554.jpg\" alt=\"\" data-id=\"938\" data-link=\"http:\/\/www.villagesnc.it\/pacchetti-viaggio-t-o-vari\/offerta-euroterme\/vacanze-estive-2021toscana-via-del-chianti-tour-e-isola-delba\/img20210819110554\/\" class=\"wp-image-938\" srcset=\"https:\/\/www.villagesnc.it\/wp-content\/uploads\/2021\/10\/IMG20210819110554.jpg 727w, https:\/\/www.villagesnc.it\/wp-content\/uploads\/2021\/10\/IMG20210819110554-350x262.jpg 350w, https:\/\/www.villagesnc.it\/wp-content\/uploads\/2021\/10\/IMG20210819110554-300x225.jpg 300w\" sizes=\"auto, (max-width: 727px) 100vw, 727px\" \/><\/figure><\/li><li class=\"blocks-gallery-item\"><figure><img loading=\"lazy\" decoding=\"async\" width=\"727\" height=\"545\" src=\"http:\/\/www.villagesnc.it\/wp-content\/uploads\/2021\/10\/IMG20210819110557.jpg\" alt=\"\" data-id=\"939\" data-link=\"http:\/\/www.villagesnc.it\/pacchetti-viaggio-t-o-vari\/offerta-euroterme\/vacanze-estive-2021toscana-via-del-chianti-tour-e-isola-delba\/img20210819110557\/\" class=\"wp-image-939\" srcset=\"https:\/\/www.villagesnc.it\/wp-content\/uploads\/2021\/10\/IMG20210819110557.jpg 727w, https:\/\/www.villagesnc.it\/wp-content\/uploads\/2021\/10\/IMG20210819110557-350x262.jpg 350w, https:\/\/www.villagesnc.it\/wp-content\/uploads\/2021\/10\/IMG20210819110557-300x225.jpg 300w\" sizes=\"auto, (max-width: 727px) 100vw, 727px\" \/><\/figure><\/li><li class=\"blocks-gallery-item\"><figure><img loading=\"lazy\" decoding=\"async\" width=\"727\" height=\"545\" src=\"http:\/\/www.villagesnc.it\/wp-content\/uploads\/2021\/10\/IMG20210819110606.jpg\" alt=\"\" data-id=\"940\" data-link=\"http:\/\/www.villagesnc.it\/pacchetti-viaggio-t-o-vari\/offerta-euroterme\/vacanze-estive-2021toscana-via-del-chianti-tour-e-isola-delba\/img20210819110606\/\" class=\"wp-image-940\" srcset=\"https:\/\/www.villagesnc.it\/wp-content\/uploads\/2021\/10\/IMG20210819110606.jpg 727w, https:\/\/www.villagesnc.it\/wp-content\/uploads\/2021\/10\/IMG20210819110606-350x262.jpg 350w, https:\/\/www.villagesnc.it\/wp-content\/uploads\/2021\/10\/IMG20210819110606-300x225.jpg 300w\" sizes=\"auto, (max-width: 727px) 100vw, 727px\" \/><\/figure><\/li><li class=\"blocks-gallery-item\"><figure><img loading=\"lazy\" decoding=\"async\" width=\"727\" height=\"545\" src=\"http:\/\/www.villagesnc.it\/wp-content\/uploads\/2021\/10\/IMG20210819110827_01.jpg\" alt=\"\" data-id=\"941\" data-link=\"http:\/\/www.villagesnc.it\/pacchetti-viaggio-t-o-vari\/offerta-euroterme\/vacanze-estive-2021toscana-via-del-chianti-tour-e-isola-delba\/img20210819110827_01\/\" class=\"wp-image-941\" srcset=\"https:\/\/www.villagesnc.it\/wp-content\/uploads\/2021\/10\/IMG20210819110827_01.jpg 727w, https:\/\/www.villagesnc.it\/wp-content\/uploads\/2021\/10\/IMG20210819110827_01-350x262.jpg 350w, https:\/\/www.villagesnc.it\/wp-content\/uploads\/2021\/10\/IMG20210819110827_01-300x225.jpg 300w\" sizes=\"auto, (max-width: 727px) 100vw, 727px\" \/><\/figure><\/li><li class=\"blocks-gallery-item\"><figure><img loading=\"lazy\" decoding=\"async\" width=\"727\" height=\"545\" src=\"http:\/\/www.villagesnc.it\/wp-content\/uploads\/2021\/10\/IMG20210819111203.jpg\" alt=\"\" data-id=\"942\" data-link=\"http:\/\/www.villagesnc.it\/pacchetti-viaggio-t-o-vari\/offerta-euroterme\/vacanze-estive-2021toscana-via-del-chianti-tour-e-isola-delba\/img20210819111203\/\" class=\"wp-image-942\" srcset=\"https:\/\/www.villagesnc.it\/wp-content\/uploads\/2021\/10\/IMG20210819111203.jpg 727w, https:\/\/www.villagesnc.it\/wp-content\/uploads\/2021\/10\/IMG20210819111203-350x262.jpg 350w, https:\/\/www.villagesnc.it\/wp-content\/uploads\/2021\/10\/IMG20210819111203-300x225.jpg 300w\" sizes=\"auto, (max-width: 727px) 100vw, 727px\" \/><\/figure><\/li><li class=\"blocks-gallery-item\"><figure><img loading=\"lazy\" decoding=\"async\" width=\"727\" height=\"545\" src=\"http:\/\/www.villagesnc.it\/wp-content\/uploads\/2021\/10\/IMG20210819111455.jpg\" alt=\"\" data-id=\"943\" data-link=\"http:\/\/www.villagesnc.it\/pacchetti-viaggio-t-o-vari\/offerta-euroterme\/vacanze-estive-2021toscana-via-del-chianti-tour-e-isola-delba\/img20210819111455\/\" class=\"wp-image-943\" srcset=\"https:\/\/www.villagesnc.it\/wp-content\/uploads\/2021\/10\/IMG20210819111455.jpg 727w, https:\/\/www.villagesnc.it\/wp-content\/uploads\/2021\/10\/IMG20210819111455-350x262.jpg 350w, https:\/\/www.villagesnc.it\/wp-content\/uploads\/2021\/10\/IMG20210819111455-300x225.jpg 300w\" sizes=\"auto, (max-width: 727px) 100vw, 727px\" \/><\/figure><\/li><li class=\"blocks-gallery-item\"><figure><img loading=\"lazy\" decoding=\"async\" width=\"727\" height=\"545\" src=\"http:\/\/www.villagesnc.it\/wp-content\/uploads\/2021\/10\/IMG20210819111514.jpg\" alt=\"\" data-id=\"944\" data-link=\"http:\/\/www.villagesnc.it\/pacchetti-viaggio-t-o-vari\/offerta-euroterme\/vacanze-estive-2021toscana-via-del-chianti-tour-e-isola-delba\/img20210819111514\/\" class=\"wp-image-944\" srcset=\"https:\/\/www.villagesnc.it\/wp-content\/uploads\/2021\/10\/IMG20210819111514.jpg 727w, https:\/\/www.villagesnc.it\/wp-content\/uploads\/2021\/10\/IMG20210819111514-350x262.jpg 350w, https:\/\/www.villagesnc.it\/wp-content\/uploads\/2021\/10\/IMG20210819111514-300x225.jpg 300w\" sizes=\"auto, (max-width: 727px) 100vw, 727px\" \/><\/figure><\/li><li class=\"blocks-gallery-item\"><figure><img loading=\"lazy\" decoding=\"async\" width=\"727\" height=\"545\" src=\"http:\/\/www.villagesnc.it\/wp-content\/uploads\/2021\/10\/IMG20210819111518.jpg\" alt=\"\" data-id=\"945\" data-link=\"http:\/\/www.villagesnc.it\/pacchetti-viaggio-t-o-vari\/offerta-euroterme\/vacanze-estive-2021toscana-via-del-chianti-tour-e-isola-delba\/img20210819111518\/\" class=\"wp-image-945\" srcset=\"https:\/\/www.villagesnc.it\/wp-content\/uploads\/2021\/10\/IMG20210819111518.jpg 727w, https:\/\/www.villagesnc.it\/wp-content\/uploads\/2021\/10\/IMG20210819111518-350x262.jpg 350w, https:\/\/www.villagesnc.it\/wp-content\/uploads\/2021\/10\/IMG20210819111518-300x225.jpg 300w\" sizes=\"auto, (max-width: 727px) 100vw, 727px\" \/><\/figure><\/li><li class=\"blocks-gallery-item\"><figure><img loading=\"lazy\" decoding=\"async\" width=\"1024\" height=\"478\" src=\"http:\/\/www.villagesnc.it\/wp-content\/uploads\/2021\/10\/IMG20210819111540-1024x478.jpg\" alt=\"\" data-id=\"946\" data-link=\"http:\/\/www.villagesnc.it\/pacchetti-viaggio-t-o-vari\/offerta-euroterme\/vacanze-estive-2021toscana-via-del-chianti-tour-e-isola-delba\/img20210819111540\/\" class=\"wp-image-946\" srcset=\"https:\/\/www.villagesnc.it\/wp-content\/uploads\/2021\/10\/IMG20210819111540-1024x478.jpg 1024w, https:\/\/www.villagesnc.it\/wp-content\/uploads\/2021\/10\/IMG20210819111540-350x163.jpg 350w, https:\/\/www.villagesnc.it\/wp-content\/uploads\/2021\/10\/IMG20210819111540-300x140.jpg 300w, https:\/\/www.villagesnc.it\/wp-content\/uploads\/2021\/10\/IMG20210819111540-768x358.jpg 768w, https:\/\/www.villagesnc.it\/wp-content\/uploads\/2021\/10\/IMG20210819111540.jpg 1168w\" sizes=\"auto, (max-width: 767px) 89vw, (max-width: 1000px) 54vw, (max-width: 1071px) 543px, 580px\" \/><\/figure><\/li><li class=\"blocks-gallery-item\"><figure><img loading=\"lazy\" decoding=\"async\" width=\"409\" height=\"545\" src=\"http:\/\/www.villagesnc.it\/wp-content\/uploads\/2021\/10\/IMG20210819111729.jpg\" alt=\"\" data-id=\"947\" data-link=\"http:\/\/www.villagesnc.it\/pacchetti-viaggio-t-o-vari\/offerta-euroterme\/vacanze-estive-2021toscana-via-del-chianti-tour-e-isola-delba\/img20210819111729\/\" class=\"wp-image-947\" srcset=\"https:\/\/www.villagesnc.it\/wp-content\/uploads\/2021\/10\/IMG20210819111729.jpg 409w, https:\/\/www.villagesnc.it\/wp-content\/uploads\/2021\/10\/IMG20210819111729-350x466.jpg 350w, https:\/\/www.villagesnc.it\/wp-content\/uploads\/2021\/10\/IMG20210819111729-225x300.jpg 225w\" sizes=\"auto, (max-width: 409px) 100vw, 409px\" \/><\/figure><\/li><li class=\"blocks-gallery-item\"><figure><img loading=\"lazy\" decoding=\"async\" width=\"727\" height=\"545\" src=\"http:\/\/www.villagesnc.it\/wp-content\/uploads\/2021\/10\/IMG20210819112114.jpg\" alt=\"\" data-id=\"948\" data-link=\"http:\/\/www.villagesnc.it\/pacchetti-viaggio-t-o-vari\/offerta-euroterme\/vacanze-estive-2021toscana-via-del-chianti-tour-e-isola-delba\/img20210819112114\/\" class=\"wp-image-948\" srcset=\"https:\/\/www.villagesnc.it\/wp-content\/uploads\/2021\/10\/IMG20210819112114.jpg 727w, https:\/\/www.villagesnc.it\/wp-content\/uploads\/2021\/10\/IMG20210819112114-350x262.jpg 350w, https:\/\/www.villagesnc.it\/wp-content\/uploads\/2021\/10\/IMG20210819112114-300x225.jpg 300w\" sizes=\"auto, (max-width: 727px) 100vw, 727px\" \/><\/figure><\/li><li class=\"blocks-gallery-item\"><figure><img loading=\"lazy\" decoding=\"async\" width=\"727\" height=\"545\" src=\"http:\/\/www.villagesnc.it\/wp-content\/uploads\/2021\/10\/IMG20210819112200.jpg\" alt=\"\" data-id=\"949\" data-link=\"http:\/\/www.villagesnc.it\/pacchetti-viaggio-t-o-vari\/offerta-euroterme\/vacanze-estive-2021toscana-via-del-chianti-tour-e-isola-delba\/img20210819112200\/\" class=\"wp-image-949\" srcset=\"https:\/\/www.villagesnc.it\/wp-content\/uploads\/2021\/10\/IMG20210819112200.jpg 727w, https:\/\/www.villagesnc.it\/wp-content\/uploads\/2021\/10\/IMG20210819112200-350x262.jpg 350w, https:\/\/www.villagesnc.it\/wp-content\/uploads\/2021\/10\/IMG20210819112200-300x225.jpg 300w\" sizes=\"auto, (max-width: 727px) 100vw, 727px\" \/><\/figure><\/li><li class=\"blocks-gallery-item\"><figure><img loading=\"lazy\" decoding=\"async\" width=\"727\" height=\"545\" src=\"http:\/\/www.villagesnc.it\/wp-content\/uploads\/2021\/10\/IMG20210819112315.jpg\" alt=\"\" data-id=\"950\" data-link=\"http:\/\/www.villagesnc.it\/pacchetti-viaggio-t-o-vari\/offerta-euroterme\/vacanze-estive-2021toscana-via-del-chianti-tour-e-isola-delba\/img20210819112315\/\" class=\"wp-image-950\" srcset=\"https:\/\/www.villagesnc.it\/wp-content\/uploads\/2021\/10\/IMG20210819112315.jpg 727w, https:\/\/www.villagesnc.it\/wp-content\/uploads\/2021\/10\/IMG20210819112315-350x262.jpg 350w, https:\/\/www.villagesnc.it\/wp-content\/uploads\/2021\/10\/IMG20210819112315-300x225.jpg 300w\" sizes=\"auto, (max-width: 727px) 100vw, 727px\" \/><\/figure><\/li><li class=\"blocks-gallery-item\"><figure><img loading=\"lazy\" decoding=\"async\" width=\"727\" height=\"545\" src=\"http:\/\/www.villagesnc.it\/wp-content\/uploads\/2021\/10\/IMG20210819112323.jpg\" alt=\"\" data-id=\"951\" data-link=\"http:\/\/www.villagesnc.it\/pacchetti-viaggio-t-o-vari\/offerta-euroterme\/vacanze-estive-2021toscana-via-del-chianti-tour-e-isola-delba\/img20210819112323\/\" class=\"wp-image-951\" srcset=\"https:\/\/www.villagesnc.it\/wp-content\/uploads\/2021\/10\/IMG20210819112323.jpg 727w, https:\/\/www.villagesnc.it\/wp-content\/uploads\/2021\/10\/IMG20210819112323-350x262.jpg 350w, https:\/\/www.villagesnc.it\/wp-content\/uploads\/2021\/10\/IMG20210819112323-300x225.jpg 300w\" sizes=\"auto, (max-width: 727px) 100vw, 727px\" \/><\/figure><\/li><li class=\"blocks-gallery-item\"><figure><img loading=\"lazy\" decoding=\"async\" width=\"727\" height=\"545\" src=\"http:\/\/www.villagesnc.it\/wp-content\/uploads\/2021\/10\/IMG20210819112339.jpg\" alt=\"\" data-id=\"952\" data-link=\"http:\/\/www.villagesnc.it\/pacchetti-viaggio-t-o-vari\/offerta-euroterme\/vacanze-estive-2021toscana-via-del-chianti-tour-e-isola-delba\/img20210819112339\/\" class=\"wp-image-952\" srcset=\"https:\/\/www.villagesnc.it\/wp-content\/uploads\/2021\/10\/IMG20210819112339.jpg 727w, https:\/\/www.villagesnc.it\/wp-content\/uploads\/2021\/10\/IMG20210819112339-350x262.jpg 350w, https:\/\/www.villagesnc.it\/wp-content\/uploads\/2021\/10\/IMG20210819112339-300x225.jpg 300w\" sizes=\"auto, (max-width: 727px) 100vw, 727px\" \/><\/figure><\/li><li class=\"blocks-gallery-item\"><figure><img loading=\"lazy\" decoding=\"async\" width=\"727\" height=\"545\" src=\"http:\/\/www.villagesnc.it\/wp-content\/uploads\/2021\/10\/IMG20210819112458.jpg\" alt=\"\" data-id=\"953\" data-link=\"http:\/\/www.villagesnc.it\/pacchetti-viaggio-t-o-vari\/offerta-euroterme\/vacanze-estive-2021toscana-via-del-chianti-tour-e-isola-delba\/img20210819112458\/\" class=\"wp-image-953\" srcset=\"https:\/\/www.villagesnc.it\/wp-content\/uploads\/2021\/10\/IMG20210819112458.jpg 727w, https:\/\/www.villagesnc.it\/wp-content\/uploads\/2021\/10\/IMG20210819112458-350x262.jpg 350w, https:\/\/www.villagesnc.it\/wp-content\/uploads\/2021\/10\/IMG20210819112458-300x225.jpg 300w\" sizes=\"auto, (max-width: 727px) 100vw, 727px\" \/><\/figure><\/li><li class=\"blocks-gallery-item\"><figure><img loading=\"lazy\" decoding=\"async\" width=\"727\" height=\"545\" src=\"http:\/\/www.villagesnc.it\/wp-content\/uploads\/2021\/10\/IMG20210819112507.jpg\" alt=\"\" data-id=\"954\" data-link=\"http:\/\/www.villagesnc.it\/pacchetti-viaggio-t-o-vari\/offerta-euroterme\/vacanze-estive-2021toscana-via-del-chianti-tour-e-isola-delba\/img20210819112507\/\" class=\"wp-image-954\" srcset=\"https:\/\/www.villagesnc.it\/wp-content\/uploads\/2021\/10\/IMG20210819112507.jpg 727w, https:\/\/www.villagesnc.it\/wp-content\/uploads\/2021\/10\/IMG20210819112507-350x262.jpg 350w, https:\/\/www.villagesnc.it\/wp-content\/uploads\/2021\/10\/IMG20210819112507-300x225.jpg 300w\" sizes=\"auto, (max-width: 727px) 100vw, 727px\" \/><\/figure><\/li><li class=\"blocks-gallery-item\"><figure><img loading=\"lazy\" decoding=\"async\" width=\"409\" height=\"545\" src=\"http:\/\/www.villagesnc.it\/wp-content\/uploads\/2021\/10\/IMG20210819112903.jpg\" alt=\"\" data-id=\"955\" data-link=\"http:\/\/www.villagesnc.it\/pacchetti-viaggio-t-o-vari\/offerta-euroterme\/vacanze-estive-2021toscana-via-del-chianti-tour-e-isola-delba\/img20210819112903\/\" class=\"wp-image-955\" srcset=\"https:\/\/www.villagesnc.it\/wp-content\/uploads\/2021\/10\/IMG20210819112903.jpg 409w, https:\/\/www.villagesnc.it\/wp-content\/uploads\/2021\/10\/IMG20210819112903-350x466.jpg 350w, https:\/\/www.villagesnc.it\/wp-content\/uploads\/2021\/10\/IMG20210819112903-225x300.jpg 225w\" sizes=\"auto, (max-width: 409px) 100vw, 409px\" \/><\/figure><\/li><li class=\"blocks-gallery-item\"><figure><img loading=\"lazy\" decoding=\"async\" width=\"727\" height=\"545\" src=\"http:\/\/www.villagesnc.it\/wp-content\/uploads\/2021\/10\/IMG20210819113617.jpg\" alt=\"\" data-id=\"956\" data-link=\"http:\/\/www.villagesnc.it\/pacchetti-viaggio-t-o-vari\/offerta-euroterme\/vacanze-estive-2021toscana-via-del-chianti-tour-e-isola-delba\/img20210819113617\/\" class=\"wp-image-956\" srcset=\"https:\/\/www.villagesnc.it\/wp-content\/uploads\/2021\/10\/IMG20210819113617.jpg 727w, https:\/\/www.villagesnc.it\/wp-content\/uploads\/2021\/10\/IMG20210819113617-350x262.jpg 350w, https:\/\/www.villagesnc.it\/wp-content\/uploads\/2021\/10\/IMG20210819113617-300x225.jpg 300w\" sizes=\"auto, (max-width: 727px) 100vw, 727px\" \/><\/figure><\/li><li class=\"blocks-gallery-item\"><figure><img loading=\"lazy\" decoding=\"async\" width=\"409\" height=\"545\" src=\"http:\/\/www.villagesnc.it\/wp-content\/uploads\/2021\/10\/IMG20210819113629.jpg\" alt=\"\" data-id=\"957\" data-link=\"http:\/\/www.villagesnc.it\/pacchetti-viaggio-t-o-vari\/offerta-euroterme\/vacanze-estive-2021toscana-via-del-chianti-tour-e-isola-delba\/img20210819113629\/\" class=\"wp-image-957\" srcset=\"https:\/\/www.villagesnc.it\/wp-content\/uploads\/2021\/10\/IMG20210819113629.jpg 409w, https:\/\/www.villagesnc.it\/wp-content\/uploads\/2021\/10\/IMG20210819113629-350x466.jpg 350w, https:\/\/www.villagesnc.it\/wp-content\/uploads\/2021\/10\/IMG20210819113629-225x300.jpg 225w\" sizes=\"auto, (max-width: 409px) 100vw, 409px\" \/><\/figure><\/li><li class=\"blocks-gallery-item\"><figure><img loading=\"lazy\" decoding=\"async\" width=\"727\" height=\"545\" src=\"http:\/\/www.villagesnc.it\/wp-content\/uploads\/2021\/10\/IMG20210819113649.jpg\" alt=\"\" data-id=\"958\" data-link=\"http:\/\/www.villagesnc.it\/pacchetti-viaggio-t-o-vari\/offerta-euroterme\/vacanze-estive-2021toscana-via-del-chianti-tour-e-isola-delba\/img20210819113649\/\" class=\"wp-image-958\" srcset=\"https:\/\/www.villagesnc.it\/wp-content\/uploads\/2021\/10\/IMG20210819113649.jpg 727w, https:\/\/www.villagesnc.it\/wp-content\/uploads\/2021\/10\/IMG20210819113649-350x262.jpg 350w, https:\/\/www.villagesnc.it\/wp-content\/uploads\/2021\/10\/IMG20210819113649-300x225.jpg 300w\" sizes=\"auto, (max-width: 727px) 100vw, 727px\" \/><\/figure><\/li><\/ul><\/figure>\n\n\n\n<blockquote class=\"wp-block-quote is-layout-flow wp-block-quote-is-layout-flow\"><p>Che dire&#8230;a partire dall&#8217;Agriturismo Amandolo, posto fuori dal mondo a due passi dalla graziosa Cavo ,dove vivere una vacanza piacevole e suggestiva e da dove organizzare escursioni per tutta l&#8217;isola, alle passeggiate fantastiche di Portoferraio, Porto Azzurro e Rio Marina con le loro belle spiagge&#8230; insomma anche l&#8217;isola d&#8217;Elba ci ha estasiato per la sua bellezza. Torneremo sicuramente in Toscana&#8230;.la e&#8217; rimasto un pezzo di cuore.<\/p><\/blockquote>\n\n\n\n<div class=\"wp-block-image\"><figure class=\"alignright is-resized\"><img loading=\"lazy\" decoding=\"async\" src=\"http:\/\/www.villagesnc.it\/wp-content\/uploads\/2021\/10\/download-2.jpg\" alt=\"\" class=\"wp-image-959\" width=\"107\" height=\"85\"\/><\/figure><\/div>\n\n\n\n<h2 class=\"wp-block-heading\">E AL RIENTRO DALLA TOSCANA&#8230;..WEEKEND A CHAMPOLUC   <\/h2>\n\n\n\n<p>&#8230;Come tornare a casa&#8230; Champoluc x me \u00e8 casa.Le mie prime vacanze le ricordo li&#8230;.prati verdi, corse a perdifiato, mucche al pascolo e serate a giocare al calcio balilla e a fare andare il jukebox&#8230; bei ricordi.Ora le cose sono cambiate,nelle vecchie baite non abitano pi\u00f9 le persone che ho conosciuto in quegli anni ,ma ho ritrovato comunque casa nella stupenda baita ristrutturata a Franzte&#8230;dove,nel rispetto assoluto della baita originale,hanno creato un piccolo hotel 3***il &lt;Frantze Le Rascard>,dove ogni dettaglio e curato, dal piccolo angolo cottura ,al comodo letto e al bagno, completo di ogni servizio,alla piccola Spa,alla buonissima colazione&#8230;.e che dire dei pranzi e delle cene&#8230;.<\/p>\n\n\n\n<figure class=\"wp-block-image\"><img decoding=\"async\" src=\"http:\/\/www.villagesnc.it\/wp-content\/uploads\/2022\/01\/smile-che-si-lecca-13.png\" alt=\"Questa immagine ha l'attributo alt vuoto; il nome del file \u00e8 smile-che-si-lecca-13.png\"\/><figcaption><strong>Da provare assuolutamente.Che dire&#8230;.niente altro se non che consigliarvi vivamente di andare al Franze Le Rescard <\/strong> <strong>e non ve ne pentirete<\/strong><\/figcaption><\/figure>\n\n\n\n<figure class=\"wp-block-image size-full\"><img loading=\"lazy\" decoding=\"async\" width=\"1000\" height=\"666\" src=\"http:\/\/www.villagesnc.it\/wp-content\/uploads\/2022\/01\/Rescard-ingresso-2.webp\" alt=\"\" class=\"wp-image-1029\" srcset=\"https:\/\/www.villagesnc.it\/wp-content\/uploads\/2022\/01\/Rescard-ingresso-2.webp 1000w, https:\/\/www.villagesnc.it\/wp-content\/uploads\/2022\/01\/Rescard-ingresso-2-350x233.webp 350w, https:\/\/www.villagesnc.it\/wp-content\/uploads\/2022\/01\/Rescard-ingresso-2-300x200.webp 300w, https:\/\/www.villagesnc.it\/wp-content\/uploads\/2022\/01\/Rescard-ingresso-2-768x511.webp 768w\" sizes=\"auto, (max-width: 767px) 89vw, (max-width: 1000px) 54vw, (max-width: 1071px) 543px, 580px\" \/><\/figure>\n\n\n\n<figure class=\"wp-block-image size-full\"><img loading=\"lazy\" decoding=\"async\" width=\"1000\" height=\"666\" src=\"http:\/\/www.villagesnc.it\/wp-content\/uploads\/2022\/01\/Rescard-ingresso-1-1.webp\" alt=\"\" class=\"wp-image-1030\" srcset=\"https:\/\/www.villagesnc.it\/wp-content\/uploads\/2022\/01\/Rescard-ingresso-1-1.webp 1000w, https:\/\/www.villagesnc.it\/wp-content\/uploads\/2022\/01\/Rescard-ingresso-1-1-350x233.webp 350w, https:\/\/www.villagesnc.it\/wp-content\/uploads\/2022\/01\/Rescard-ingresso-1-1-300x200.webp 300w, https:\/\/www.villagesnc.it\/wp-content\/uploads\/2022\/01\/Rescard-ingresso-1-1-768x511.webp 768w\" sizes=\"auto, (max-width: 767px) 89vw, (max-width: 1000px) 54vw, (max-width: 1071px) 543px, 580px\" \/><\/figure>\n\n\n\n<figure class=\"wp-block-image size-full\"><img loading=\"lazy\" decoding=\"async\" width=\"1000\" height=\"666\" src=\"http:\/\/www.villagesnc.it\/wp-content\/uploads\/2022\/01\/Rescard-sentiero-per-Cuneaz.webp\" alt=\"\" class=\"wp-image-1031\" srcset=\"https:\/\/www.villagesnc.it\/wp-content\/uploads\/2022\/01\/Rescard-sentiero-per-Cuneaz.webp 1000w, https:\/\/www.villagesnc.it\/wp-content\/uploads\/2022\/01\/Rescard-sentiero-per-Cuneaz-350x233.webp 350w, https:\/\/www.villagesnc.it\/wp-content\/uploads\/2022\/01\/Rescard-sentiero-per-Cuneaz-300x200.webp 300w, https:\/\/www.villagesnc.it\/wp-content\/uploads\/2022\/01\/Rescard-sentiero-per-Cuneaz-768x511.webp 768w\" sizes=\"auto, (max-width: 767px) 89vw, (max-width: 1000px) 54vw, (max-width: 1071px) 543px, 580px\" \/><\/figure>\n\n\n\n<figure class=\"wp-block-image size-full\"><img loading=\"lazy\" decoding=\"async\" width=\"1000\" height=\"666\" src=\"http:\/\/www.villagesnc.it\/wp-content\/uploads\/2022\/01\/Rescard-vista-su-Champoluc.webp\" alt=\"\" class=\"wp-image-1032\" srcset=\"https:\/\/www.villagesnc.it\/wp-content\/uploads\/2022\/01\/Rescard-vista-su-Champoluc.webp 1000w, https:\/\/www.villagesnc.it\/wp-content\/uploads\/2022\/01\/Rescard-vista-su-Champoluc-350x233.webp 350w, https:\/\/www.villagesnc.it\/wp-content\/uploads\/2022\/01\/Rescard-vista-su-Champoluc-300x200.webp 300w, https:\/\/www.villagesnc.it\/wp-content\/uploads\/2022\/01\/Rescard-vista-su-Champoluc-768x511.webp 768w\" sizes=\"auto, (max-width: 767px) 89vw, (max-width: 1000px) 54vw, (max-width: 1071px) 543px, 580px\" \/><\/figure>\n\n\n\n<figure class=\"wp-block-image size-full\"><img loading=\"lazy\" decoding=\"async\" width=\"1000\" height=\"666\" src=\"http:\/\/www.villagesnc.it\/wp-content\/uploads\/2022\/01\/Rescard-sala-relax-lettura-1.webp\" alt=\"\" class=\"wp-image-1034\" srcset=\"https:\/\/www.villagesnc.it\/wp-content\/uploads\/2022\/01\/Rescard-sala-relax-lettura-1.webp 1000w, https:\/\/www.villagesnc.it\/wp-content\/uploads\/2022\/01\/Rescard-sala-relax-lettura-1-350x233.webp 350w, https:\/\/www.villagesnc.it\/wp-content\/uploads\/2022\/01\/Rescard-sala-relax-lettura-1-300x200.webp 300w, https:\/\/www.villagesnc.it\/wp-content\/uploads\/2022\/01\/Rescard-sala-relax-lettura-1-768x511.webp 768w\" sizes=\"auto, (max-width: 767px) 89vw, (max-width: 1000px) 54vw, (max-width: 1071px) 543px, 580px\" \/><\/figure>\n\n\n\n<figure class=\"wp-block-image size-full\"><img loading=\"lazy\" decoding=\"async\" width=\"1000\" height=\"666\" src=\"http:\/\/www.villagesnc.it\/wp-content\/uploads\/2022\/01\/Rescard-ingresso-principale-1.webp\" alt=\"\" class=\"wp-image-1036\" srcset=\"https:\/\/www.villagesnc.it\/wp-content\/uploads\/2022\/01\/Rescard-ingresso-principale-1.webp 1000w, https:\/\/www.villagesnc.it\/wp-content\/uploads\/2022\/01\/Rescard-ingresso-principale-1-350x233.webp 350w, https:\/\/www.villagesnc.it\/wp-content\/uploads\/2022\/01\/Rescard-ingresso-principale-1-300x200.webp 300w, https:\/\/www.villagesnc.it\/wp-content\/uploads\/2022\/01\/Rescard-ingresso-principale-1-768x511.webp 768w\" sizes=\"auto, (max-width: 767px) 89vw, (max-width: 1000px) 54vw, (max-width: 1071px) 543px, 580px\" \/><\/figure>\n\n\n\n<figure class=\"wp-block-image size-full\"><img loading=\"lazy\" decoding=\"async\" width=\"1000\" height=\"666\" src=\"http:\/\/www.villagesnc.it\/wp-content\/uploads\/2022\/01\/Rescard-Sala-da-pranzo-2.jpg\" alt=\"\" class=\"wp-image-1037\" srcset=\"https:\/\/www.villagesnc.it\/wp-content\/uploads\/2022\/01\/Rescard-Sala-da-pranzo-2.jpg 1000w, https:\/\/www.villagesnc.it\/wp-content\/uploads\/2022\/01\/Rescard-Sala-da-pranzo-2-350x233.jpg 350w, https:\/\/www.villagesnc.it\/wp-content\/uploads\/2022\/01\/Rescard-Sala-da-pranzo-2-300x200.jpg 300w, https:\/\/www.villagesnc.it\/wp-content\/uploads\/2022\/01\/Rescard-Sala-da-pranzo-2-768x511.jpg 768w\" sizes=\"auto, (max-width: 767px) 89vw, (max-width: 1000px) 54vw, (max-width: 1071px) 543px, 580px\" \/><\/figure>\n\n\n\n<figure class=\"wp-block-image size-full\"><img loading=\"lazy\" decoding=\"async\" width=\"1000\" height=\"666\" src=\"http:\/\/www.villagesnc.it\/wp-content\/uploads\/2022\/01\/Rescard-sala-da-pranzo.webp\" alt=\"\" class=\"wp-image-1038\" srcset=\"https:\/\/www.villagesnc.it\/wp-content\/uploads\/2022\/01\/Rescard-sala-da-pranzo.webp 1000w, https:\/\/www.villagesnc.it\/wp-content\/uploads\/2022\/01\/Rescard-sala-da-pranzo-350x233.webp 350w, https:\/\/www.villagesnc.it\/wp-content\/uploads\/2022\/01\/Rescard-sala-da-pranzo-300x200.webp 300w, https:\/\/www.villagesnc.it\/wp-content\/uploads\/2022\/01\/Rescard-sala-da-pranzo-768x511.webp 768w\" sizes=\"auto, (max-width: 767px) 89vw, (max-width: 1000px) 54vw, (max-width: 1071px) 543px, 580px\" \/><\/figure>\n\n\n\n<figure class=\"wp-block-image size-full\"><img loading=\"lazy\" decoding=\"async\" width=\"34\" height=\"34\" src=\"http:\/\/www.villagesnc.it\/wp-content\/uploads\/2022\/01\/images-1.jpg\" alt=\"\" class=\"wp-image-1024\"\/><\/figure>\n\n\n\n<figure class=\"wp-block-image size-full\"><img loading=\"lazy\" decoding=\"async\" width=\"1000\" height=\"666\" src=\"http:\/\/www.villagesnc.it\/wp-content\/uploads\/2022\/01\/Rescard-camera-da-letto.jpg\" alt=\"\" class=\"wp-image-1039\" srcset=\"https:\/\/www.villagesnc.it\/wp-content\/uploads\/2022\/01\/Rescard-camera-da-letto.jpg 1000w, https:\/\/www.villagesnc.it\/wp-content\/uploads\/2022\/01\/Rescard-camera-da-letto-350x233.jpg 350w, https:\/\/www.villagesnc.it\/wp-content\/uploads\/2022\/01\/Rescard-camera-da-letto-300x200.jpg 300w, https:\/\/www.villagesnc.it\/wp-content\/uploads\/2022\/01\/Rescard-camera-da-letto-768x511.jpg 768w\" sizes=\"auto, (max-width: 767px) 89vw, (max-width: 1000px) 54vw, (max-width: 1071px) 543px, 580px\" \/><\/figure>\n\n\n\n<figure class=\"wp-block-image size-full\"><img loading=\"lazy\" decoding=\"async\" width=\"1000\" height=\"666\" src=\"http:\/\/www.villagesnc.it\/wp-content\/uploads\/2022\/01\/Rescard-sala-lettura-relax.webp\" alt=\"\" class=\"wp-image-1040\" srcset=\"https:\/\/www.villagesnc.it\/wp-content\/uploads\/2022\/01\/Rescard-sala-lettura-relax.webp 1000w, https:\/\/www.villagesnc.it\/wp-content\/uploads\/2022\/01\/Rescard-sala-lettura-relax-350x233.webp 350w, https:\/\/www.villagesnc.it\/wp-content\/uploads\/2022\/01\/Rescard-sala-lettura-relax-300x200.webp 300w, https:\/\/www.villagesnc.it\/wp-content\/uploads\/2022\/01\/Rescard-sala-lettura-relax-768x511.webp 768w\" sizes=\"auto, (max-width: 767px) 89vw, (max-width: 1000px) 54vw, (max-width: 1071px) 543px, 580px\" \/><\/figure>\n\n\n\n<figure class=\"wp-block-image size-full is-resized\"><img loading=\"lazy\" decoding=\"async\" src=\"http:\/\/www.villagesnc.it\/wp-content\/uploads\/2022\/01\/Rescard-sala-relax-lettura-2.webp\" alt=\"\" class=\"wp-image-1041\" width=\"674\" height=\"448\" srcset=\"https:\/\/www.villagesnc.it\/wp-content\/uploads\/2022\/01\/Rescard-sala-relax-lettura-2.webp 1000w, https:\/\/www.villagesnc.it\/wp-content\/uploads\/2022\/01\/Rescard-sala-relax-lettura-2-350x233.webp 350w, https:\/\/www.villagesnc.it\/wp-content\/uploads\/2022\/01\/Rescard-sala-relax-lettura-2-300x200.webp 300w, https:\/\/www.villagesnc.it\/wp-content\/uploads\/2022\/01\/Rescard-sala-relax-lettura-2-768x511.webp 768w\" sizes=\"auto, (max-width: 674px) 100vw, 674px\" \/><figcaption><a href=\"http:\/\/www.frantze.it\/index.asp\">http:\/\/www.frantze.it\/index.asp<\/a><\/figcaption><\/figure>\n\n\n\n<p><\/p>","protected":false},"excerpt":{"rendered":"<p>Quest&#8217;anno Toscana, con tutti i suoi panorami, i suoi pendii di vigneti contornati da uliveti, le fantastiche cascine in pietra e il cibo; che dire&#8230;..dalla panzanella alla fiorentina, dalla pasta al rag\u00f9 di cinghiale ai &lt;pici cacio e pepe&gt; e potrei andare avanti ore ad elencare lo spettacolo paesaggistico ammirato e dei sapori enogastronomici riscoperti. &hellip; <\/p>\n<p class=\"link-more\"><a href=\"https:\/\/www.villagesnc.it\/en\/pacchetti-viaggio-t-o-vari\/offerta-euroterme\/vacanze-estive-2021toscana-via-del-chianti-tour-e-isola-delba\" class=\"more-link\">Continue reading<span class=\"screen-reader-text\"> &#8220;Vacanze estive 2021,Toscana   via del chianti tour e isola d&#8217;Elba.&#8221;<\/span><\/a><\/p>","protected":false},"author":1,"featured_media":0,"parent":191,"menu_order":0,"comment_status":"closed","ping_status":"closed","template":"","meta":{"footnotes":""},"class_list":["post-797","page","type-page","status-publish","hentry"],"_links":{"self":[{"href":"https:\/\/www.villagesnc.it\/en\/wp-json\/wp\/v2\/pages\/797","targetHints":{"allow":["GET"]}}],"collection":[{"href":"https:\/\/www.villagesnc.it\/en\/wp-json\/wp\/v2\/pages"}],"about":[{"href":"https:\/\/www.villagesnc.it\/en\/wp-json\/wp\/v2\/types\/page"}],"author":[{"embeddable":true,"href":"https:\/\/www.villagesnc.it\/en\/wp-json\/wp\/v2\/users\/1"}],"replies":[{"embeddable":true,"href":"https:\/\/www.villagesnc.it\/en\/wp-json\/wp\/v2\/comments?post=797"}],"version-history":[{"count":0,"href":"https:\/\/www.villagesnc.it\/en\/wp-json\/wp\/v2\/pages\/797\/revisions"}],"up":[{"embeddable":true,"href":"https:\/\/www.villagesnc.it\/en\/wp-json\/wp\/v2\/pages\/191"}],"wp:attachment":[{"href":"https:\/\/www.villagesnc.it\/en\/wp-json\/wp\/v2\/media?parent=797"}],"curies":[{"name":"wp","href":"https:\/\/api.w.org\/{rel}","templated":true}]}}